{"id":1674,"date":"2021-09-20T12:20:09","date_gmt":"2021-09-20T12:20:09","guid":{"rendered":"http:\/\/localhost\/wordpress\/icer-tennet-tso-gmbh_aa2dhd2vph4idzm88vnasb\/"},"modified":"2021-09-20T12:20:09","modified_gmt":"2021-09-20T12:20:09","slug":"icer-tennet-tso-gmbh_aa2dhd2vph4idzm88vnasb","status":"publish","type":"page","link":"https:\/\/www.energiecrossmedial.de\/index.php\/icer-tennet-tso-gmbh_aa2dhd2vph4idzm88vnasb\/","title":{"rendered":"Interview mit Tim Meyerj\u00fcrgens (Member Executive Board \/ Chief Operating Officer, TenneT TSO GmbH)"},"content":{"rendered":"<div id=\"page_caption\" class=\"\">\n<div class=\"page_title_wrapper\">\n<div class=\"standard_wrapper\">\n<div class=\"page_title_inner\">\n<div class=\"page_title_content\">\n<h1>  <\/h1>\n<\/p><\/div>\n<\/p><\/div>\n<\/p><\/div>\n<\/p><\/div>\n<\/div>\n<p><!-- Begin content --><\/p>\n<div id=\"page_content_wrapper\" class=\"\">\n<div class=\"inner\">\n    \t<!-- Begin main content --><\/p>\n<div class=\"inner_wrapper\">\n<div class=\"sidebar_content\">\n<!-- Begin each blog post --><\/p>\n<div id=\"post-3703\" class=\"post-3703 post type-post status-publish format-standard has-post-thumbnail hentry category-allgemein category-interviews-2021\">\n<div class=\"post_wrapper\">\n<div class=\"post_content_wrapper\">\n<h1>Interview mit Tim Meyerj\u00fcrgens (Member Executive Board \/ Chief Operating Officer, TenneT TSO GmbH)<\/h1>\n<div class=\"post_detail single_post\">\n\t\t\t\t<span class=\"post_info_date\"><br \/>\n\t\t\t\t\t2. Februar 2021\t\t\t\t<\/span><br \/>\n\t\t\t\t<span class=\"post_info_comment\"><br \/>\n\t\t\t\t\t\u2022<br \/>\n\t\t\t\t\t0&nbsp;Kommentar\t\t\t\t<\/span>\n\t\t\t<\/div>\n<div class=\"pf-content\">\n<p class=\"fqk44srj04fgyxc3g\"><strong>Dr. Annette Nietfeld: <\/strong>Die Europ\u00e4ische Union hat im Dezember die klimapolitische Zielmarke mit 55 Prozent weniger CO\u00b2 bis 2030 deutlich erh\u00f6ht \u2013 welchen Einfluss hat das auf die Stromnetze?<\/p>\n<p class=\"fqk44srj04fgyxc3g\"><strong>Tim Meyerj\u00fcrgens:<\/strong> F\u00fcr Deutschlands Erneuerbaren-Ausbauziele bedeuten die neuen Klima-Ziele rund 35 bis 65 GW zus\u00e4tzlich zum bereits geplanten Erneuerbaren-Zubau. Der Ausbau des Stromnetzes muss Schritt halten mit dem der Erneuerbaren. Wir haben uns die Auswirkungen auf den Netzausbau angeschaut und erwarten etwa bis zu 1.000 Kilometer zus\u00e4tzliche neue Stromleitungen. Ich glaube, dass das zu schaffen ist. Wir werden unseren Teil beitragen und die Bundesregierung tatkr\u00e4ftig dabei unterst\u00fctzen, diese Ziele zu erreichen.<\/p>\n<p class=\"fqk44srj04fgyxc3g\"><strong>Dr. Annette Nietfeld: <\/strong>Die EU-Kommission plant auch den verst\u00e4rkten Ausbau der Offshore Windenergie\u2013 Was sind die Konsequenzen f\u00fcr das deutsche \u00dcbertragungsnetz?<\/p>\n<p class=\"fqk44srj04fgyxc3g\"><strong>Tim Meyerj\u00fcrgens:<\/strong> Um die Klimaziele zu erreichen, werden wir enorme Mengen an erneuerbaren Energien zubauen m\u00fcssen. Wie wichtig die Nordsee f\u00fcr unsere Stromversorgung ist, zeigen die Offshore-Ausbauziele der Bundesregierung. Sie liegen f\u00fcr 2030 aktuell bei 20 GW. Zum Vergleich: bis heute wurden von TenneT rund 7 GW in der deutschen Nordsee angeschlossen. Als Nordsee-\u00dcbertragungsnetzbetreiber werden wir mit ca. 17 GW den gr\u00f6\u00dften Teil dieser Kapazit\u00e4ten in Deutschland bis 2030 anbinden. Dazu kommt noch das Offshore-Netz in den Niederlanden, wo wir inzwischen 1.4 GW Anschlusskapazit\u00e4t in Betrieb haben und bis 2030 9.6 GW realisiert haben werden. Allein bis 2030 werden wir in der Nordsee 20 Milliarden Euro investieren.<\/p>\n<p class=\"fqk44srj04fgyxc3g\">Bis 2035 wollen wir gemeinsam mit unseren Konsortialpartnern in der Nordsee ein erstes grenz\u00fcberschreitendes Windenergie-Verteilkreuz bauen, das mit 12 GW die Kapazit\u00e4t von zw\u00f6lf Gro\u00dfkraftwerken hat. \u00dcber das Verteilkreuz sollen D\u00e4nemark, die Niederlande und Deutschland mit gr\u00fcnem Strom aus der Nordsee versorgt werden.<\/p>\n<p class=\"fqk44srj04fgyxc3g\"><strong>Dr. Annette Nietfeld: <\/strong>Viele erinnern sich noch an die Netzausbaureisen von Bundeswirtschaftsminister Altmaier \u2013 Wie steht es denn um die Erreichung der Netzausbauziele?<\/p>\n<p class=\"fqk44srj04fgyxc3g\"><strong>Tim Meyerj\u00fcrgens:<\/strong> Bundeswirtschaftsminister Altmaier sollte mit seiner Zuversicht Recht behalten, denn der Netzausbau hat deutlich Fahrt aufgenommen. Wichtige Leitungen sind bereits in Betrieb gegangen. Allein im vergangenen Jahr hat TenneT drei wichtige Leitungen im Norden fertiggestellt und zudem sind wir mit NordLink, dem wichtigen Interkonnektor zum Austausch von gr\u00fcner Energie mit Norwegen, in den Probebetrieb gestartet. Viele weitere Projekte sind in Bau. Nicht zu untersch\u00e4tzen ist dabei der positive Einfluss, den die Unterst\u00fctzung der Politik auf die Akzeptanz des Netzausbaus bei den B\u00fcrgern hat.<\/p>\n<p class=\"fqk44srj04fgyxc3g\">Dennoch liegt noch ein weiter Weg vor uns. Das Bundesbedarfsplangesetz wurde verabschiedet und bringt noch einige Kilometer an neuen Leitungen. Was wir brauchen, um diese Projekte z\u00fcgig zu realisieren, sind klare, verl\u00e4ssliche und stabile Rahmenbedingungen bei den Genehmigungsverfahren und in der Regulierung. Konkret hei\u00dft das: Bereits laufende Projekte d\u00fcrfen nicht durch Gesetzesanpassungen ver\u00e4ndert werden. Und die Regulierung muss Stabilit\u00e4t f\u00fcr bereits get\u00e4tigte Investitionen sicherstellen. Dann klappt es auch mit dem Netzausbau.<\/p>\n<p class=\"fqk44srj04fgyxc3g\"><strong>Dr. Annette Nietfeld: <\/strong>Was bedeutet der Einstieg in die Wasserstoffstoffwirtschaft f\u00fcr die Stromnetze?<\/p>\n<p class=\"fqk44srj04fgyxc3g\"><strong>Tim Meyerj\u00fcrgens:<\/strong> Ein gut organisierter Einstieg in die Wasserstoffwirtschaft kann helfen, die CO2-Emissionen zu g\u00fcnstigen Kosten zu reduzieren und Europas Wettbewerbsf\u00e4higkeit zu erhalten. Paradoxerweise kann der Einstieg in Wasserstoff auch zum genauen Gegenteil f\u00fchren: zu h\u00f6heren Kosten, h\u00f6heren CO2-Emissionen und weniger Wettbewerbsf\u00e4higkeit. Elektrolyseure zur Herstellung von Wasserstoff aus Elektrizit\u00e4t sind gro\u00dfe Stromverbraucher: Die niederl\u00e4ndische Regierung will bis 2030 Elektrolyseure mit einer Stromaufnahme von 3 bis 4 GW bauen, die deutsche Regierung bis 2030 Elektrolyseure mit einer Kapazit\u00e4t von 5 GW.<\/p>\n<p class=\"fqk44srj04fgyxc3g\">Wenn wir die Elektrolyseure mit Blick auf das ganze Stromsystem sinnvoll positionieren und betreiben, k\u00f6nnen sie das Stromsystem entlasten. Wenn nicht, k\u00f6nnen sie die Herausforderungen im Stromsystem versch\u00e4rfen. Denn: Wie jede Stromleitung in einem Haus oder in einer Firma haben auch die gro\u00dfen \u00dcbertragungsnetze begrenzte \u00dcbertragungskapazit\u00e4ten. Wenn wir die Elektrolyseure weit entfernt von den Erneuerbaren-Schwerpunkten errichten, werden sie sowohl in den Niederlanden als auch in Deutschland einen hohen zus\u00e4tzlichen Stromtransportbedarf haupts\u00e4chlich in Nord-S\u00fcd-Richtung schaffen.<\/p>\n<p class=\"fqk44srj04fgyxc3g\">Mit anderen Worten: wir brauchen eine integrierte Systemplanung. Nur so k\u00f6nnen wir die wachsenden Mengen an erneuerbaren Energien in die Stromnetze und das Energiesystem integrieren und den Hochlauf einer gr\u00fcnen Wasserstoffwirtschaft schaffen. Die Strominfrastruktur ist und bleibt dabei das R\u00fcckgrat der Energiewende.<strong>&nbsp;<\/strong><\/p>\n<p class=\"fqk44srj04fgyxc3g\"><strong>Dr. Annette Nietfeld: <\/strong>Welche weiteren Innovationen gibt es im Bereich der Stromnetze f\u00fcr das Energiesystem ab 2030?<\/p>\n<p class=\"fqk44srj04fgyxc3g\"><strong>Tim Meyerj\u00fcrgens:<\/strong> Neben dem Ausbau der Transportinfrastruktur m\u00fcssen wir auch mehr Flexibilit\u00e4tsreserven erschlie\u00dfen und diese nutzbar machen, wie z. B. die kurzfristigen Speicherkapazit\u00e4ten von kleinsten Anlagen der Stromverbraucher, die helfen k\u00f6nnen, das Stromnetz zu stabilisieren. Zum Beispiel arbeiten wir an der l\u00e4nder\u00fcbergreifenden Blockchain-basierten Crowd Balancing Plattform Equigy. Die digitale Plattform er\u00f6ffnet den Prosumern in Europa die M\u00f6glichkeit, die flexiblen Kapazit\u00e4ten ihrer E-Autos, W\u00e4rmepumpen oder Heimbatteriespeicher unb\u00fcrokratisch, einfach und sicher zu vermarkten. Damit tr\u00e4gt sie dazu bei, dass der Bedarf an Flexibilit\u00e4t in Europa auch in Zukunft gedeckt werden kann. Und das gew\u00e4hrleistet auf lange Sicht eine sichere Stromversorgung.<\/p>\n<p class=\"fqk44srj04fgyxc3g\"><strong>Dr. Annette Nietfeld: <\/strong>Welche Investitionen in der Energiewirtschaft m\u00fcssen zur Realisierung der Energiewende am dringendsten get\u00e4tigt werden?<\/p>\n<p class=\"fqk44srj04fgyxc3g\"><strong>Tim Meyerj\u00fcrgens:<\/strong> Der Green Deal setzt Impulse f\u00fcr Investitionen und Wirtschaftswachstum. Analysen sprechen von mindestens 650 Milliarden Euro, die die europ\u00e4ische Energiebranche bis 2030 in gr\u00fcne Stromproduktion investieren will. Dazu kommen noch die Milliardeninvestitionen in neue Flexibilit\u00e4ten und vor allem in den Ausbau der Stromnetze. Wenn wir in eine leistungsf\u00e4hige, transnationale Netzinfrastruktur investieren, schaffen wir eine wichtige Grundlage daf\u00fcr, dass der tiefgreifende Strukturwandel, den gerade Industrie, Verkehrssektor und Energiewirtschaft in Europa durchlaufen, erfolgreich verl\u00e4uft und der Wirtschaftsstandort Europa daraus gest\u00e4rkt hervorgeht. TenneT hat in den vergangenen 10 Jahren 14 Mrd. \u20ac in den Netzausbau on- und offshore in Deutschland investiert. Letztes Jahr allein waren dies gut 1,9 Mrd. \u20ac. F\u00fcr die n\u00e4chste Dekade haben wir ein Investitionsportfolio von 40 bis 50 Milliarden Euro, davon rund 30 Milliarden Euro in Deutschland.<\/p>\n<p class=\"fqk44srj04fgyxc3g\">Aber der Erfolg der Energiewende bemisst sich breiter: Sie braucht das Triple-G-Rating: Gr\u00fcn, g\u00fcnstig und grenz\u00fcberschreitend. Dies sind die drei Werte, die das wahre Credibility-Rating der Energiewende ausmachen werden.<\/p>\n<\/div>\n<p><br class=\"clear\"\/>\n\t    <\/div>\n<\/p><\/div>\n<\/div>\n<p><!-- End each blog post -->\n    \t<\/div>\n<div class=\"sidebar_wrapper\">\n<div class=\"sidebar_top\"><\/div>\n<div class=\"sidebar\">\n<div class=\"content\">\n    \t\t\t\t<\/div>\n<\/p><\/div>\n<p>    \t\t\t<br class=\"clear\"\/><\/p>\n<div class=\"sidebar_bottom\"><\/div>\n<\/p><\/div>\n<\/p><\/div>\n<p>    <!-- End main content -->\n<\/div>\n<p><br class=\"clear\"\/><br class=\"fqk44srj04fgyxc3g\"\/>\n<\/div>\n","protected":false},"excerpt":{"rendered":"<p>Interview mit Tim Meyerj\u00fcrgens (Member Executive Board \/ Chief Operating Officer, TenneT TSO GmbH) 2. Februar 2021 \u2022 0&nbsp;Kommentar Dr. Annette Nietfeld: Die Europ\u00e4ische Union hat im Dezember die klimapolitische Zielmarke mit 55 Prozent weniger CO\u00b2 bis 2030 deutlich erh\u00f6ht [&hellip;]<\/p>\n","protected":false},"author":1,"featured_media":0,"parent":0,"menu_order":73,"comment_status":"closed","ping_status":"closed","template":"template_3.php","meta":{"_acf_changed":false,"footnotes":""},"class_list":["post-1674","page","type-page","status-publish","hentry"],"acf":[],"yoast_head":"<!-- This site is optimized with the Yoast SEO plugin v24.0 - https:\/\/yoast.com\/wordpress\/plugins\/seo\/ -->\n<title>Interview mit Tim Meyerj\u00fcrgens (Member Executive Board \/ Chief Operating Officer, TenneT TSO GmbH) - ENERGIE.CROSS.MEDIAL<\/title>\n<meta name=\"robots\" content=\"index, follow, max-snippet:-1, max-image-preview:large, max-video-preview:-1\" \/>\n<link rel=\"canonical\" href=\"https:\/\/www.energiecrossmedial.de\/index.php\/icer-tennet-tso-gmbh_aa2dhd2vph4idzm88vnasb\/\" \/>\n<meta property=\"og:locale\" content=\"de_DE\" \/>\n<meta property=\"og:type\" content=\"article\" \/>\n<meta property=\"og:title\" content=\"Interview mit Tim Meyerj\u00fcrgens (Member Executive Board \/ Chief Operating Officer, TenneT TSO GmbH) - ENERGIE.CROSS.MEDIAL\" \/>\n<meta property=\"og:description\" content=\"Interview mit Tim Meyerj\u00fcrgens (Member Executive Board \/ Chief Operating Officer, TenneT TSO GmbH) 2. Februar 2021 \u2022 0&nbsp;Kommentar Dr. Annette Nietfeld: Die Europ\u00e4ische Union hat im Dezember die klimapolitische Zielmarke mit 55 Prozent weniger CO\u00b2 bis 2030 deutlich erh\u00f6ht [&hellip;]\" \/>\n<meta property=\"og:url\" content=\"https:\/\/www.energiecrossmedial.de\/index.php\/icer-tennet-tso-gmbh_aa2dhd2vph4idzm88vnasb\/\" \/>\n<meta property=\"og:site_name\" content=\"ENERGIE.CROSS.MEDIAL\" \/>\n<meta name=\"twitter:card\" content=\"summary_large_image\" \/>\n<meta name=\"twitter:site\" content=\"@EnergieXMedial\" \/>\n<meta name=\"twitter:label1\" content=\"Gesch\u00e4tzte Lesezeit\" \/>\n\t<meta name=\"twitter:data1\" content=\"5\u00a0Minuten\" \/>\n<script type=\"application\/ld+json\" class=\"yoast-schema-graph\">{\"@context\":\"https:\/\/schema.org\",\"@graph\":[{\"@type\":\"WebPage\",\"@id\":\"https:\/\/www.energiecrossmedial.de\/index.php\/icer-tennet-tso-gmbh_aa2dhd2vph4idzm88vnasb\/\",\"url\":\"https:\/\/www.energiecrossmedial.de\/index.php\/icer-tennet-tso-gmbh_aa2dhd2vph4idzm88vnasb\/\",\"name\":\"Interview mit Tim Meyerj\u00fcrgens (Member Executive Board \/ Chief Operating Officer, TenneT TSO GmbH) - ENERGIE.CROSS.MEDIAL\",\"isPartOf\":{\"@id\":\"https:\/\/www.energiecrossmedial.de\/#website\"},\"datePublished\":\"2021-09-20T12:20:09+00:00\",\"dateModified\":\"2021-09-20T12:20:09+00:00\",\"breadcrumb\":{\"@id\":\"https:\/\/www.energiecrossmedial.de\/index.php\/icer-tennet-tso-gmbh_aa2dhd2vph4idzm88vnasb\/#breadcrumb\"},\"inLanguage\":\"de\",\"potentialAction\":[{\"@type\":\"ReadAction\",\"target\":[\"https:\/\/www.energiecrossmedial.de\/index.php\/icer-tennet-tso-gmbh_aa2dhd2vph4idzm88vnasb\/\"]}]},{\"@type\":\"BreadcrumbList\",\"@id\":\"https:\/\/www.energiecrossmedial.de\/index.php\/icer-tennet-tso-gmbh_aa2dhd2vph4idzm88vnasb\/#breadcrumb\",\"itemListElement\":[{\"@type\":\"ListItem\",\"position\":1,\"name\":\"Startseite\",\"item\":\"https:\/\/www.energiecrossmedial.de\/\"},{\"@type\":\"ListItem\",\"position\":2,\"name\":\"Interview mit Tim Meyerj\u00fcrgens (Member Executive Board \/ Chief Operating Officer, TenneT TSO GmbH)\"}]},{\"@type\":\"WebSite\",\"@id\":\"https:\/\/www.energiecrossmedial.de\/#website\",\"url\":\"https:\/\/www.energiecrossmedial.de\/\",\"name\":\"ENERGIE.CROSS.MEDIAL - das forum der energiewende\",\"description\":\"das forum der energiewende\",\"publisher\":{\"@id\":\"https:\/\/www.energiecrossmedial.de\/#organization\"},\"potentialAction\":[{\"@type\":\"SearchAction\",\"target\":{\"@type\":\"EntryPoint\",\"urlTemplate\":\"https:\/\/www.energiecrossmedial.de\/?s={search_term_string}\"},\"query-input\":{\"@type\":\"PropertyValueSpecification\",\"valueRequired\":true,\"valueName\":\"search_term_string\"}}],\"inLanguage\":\"de\"},{\"@type\":\"Organization\",\"@id\":\"https:\/\/www.energiecrossmedial.de\/#organization\",\"name\":\"ENERGIE.CROSS.MEDIAL - das forum der energiewende\",\"url\":\"https:\/\/www.energiecrossmedial.de\/\",\"logo\":{\"@type\":\"ImageObject\",\"inLanguage\":\"de\",\"@id\":\"https:\/\/www.energiecrossmedial.de\/#\/schema\/logo\/image\/\",\"url\":\"https:\/\/www.energiecrossmedial.de\/wp-content\/uploads\/2023\/09\/cropped-Website_Icon.png\",\"contentUrl\":\"https:\/\/www.energiecrossmedial.de\/wp-content\/uploads\/2023\/09\/cropped-Website_Icon.png\",\"width\":512,\"height\":512,\"caption\":\"ENERGIE.CROSS.MEDIAL - das forum der energiewende\"},\"image\":{\"@id\":\"https:\/\/www.energiecrossmedial.de\/#\/schema\/logo\/image\/\"},\"sameAs\":[\"https:\/\/x.com\/EnergieXMedial\",\"https:\/\/www.linkedin.com\/company\/zukunftsenergien\/\"]}]}<\/script>\n<!-- \/ Yoast SEO plugin. -->","yoast_head_json":{"title":"Interview mit Tim Meyerj\u00fcrgens (Member Executive Board \/ Chief Operating Officer, TenneT TSO GmbH) - ENERGIE.CROSS.MEDIAL","robots":{"index":"index","follow":"follow","max-snippet":"max-snippet:-1","max-image-preview":"max-image-preview:large","max-video-preview":"max-video-preview:-1"},"canonical":"https:\/\/www.energiecrossmedial.de\/index.php\/icer-tennet-tso-gmbh_aa2dhd2vph4idzm88vnasb\/","og_locale":"de_DE","og_type":"article","og_title":"Interview mit Tim Meyerj\u00fcrgens (Member Executive Board \/ Chief Operating Officer, TenneT TSO GmbH) - ENERGIE.CROSS.MEDIAL","og_description":"Interview mit Tim Meyerj\u00fcrgens (Member Executive Board \/ Chief Operating Officer, TenneT TSO GmbH) 2. Februar 2021 \u2022 0&nbsp;Kommentar Dr. Annette Nietfeld: Die Europ\u00e4ische Union hat im Dezember die klimapolitische Zielmarke mit 55 Prozent weniger CO\u00b2 bis 2030 deutlich erh\u00f6ht [&hellip;]","og_url":"https:\/\/www.energiecrossmedial.de\/index.php\/icer-tennet-tso-gmbh_aa2dhd2vph4idzm88vnasb\/","og_site_name":"ENERGIE.CROSS.MEDIAL","twitter_card":"summary_large_image","twitter_site":"@EnergieXMedial","twitter_misc":{"Gesch\u00e4tzte Lesezeit":"5\u00a0Minuten"},"schema":{"@context":"https:\/\/schema.org","@graph":[{"@type":"WebPage","@id":"https:\/\/www.energiecrossmedial.de\/index.php\/icer-tennet-tso-gmbh_aa2dhd2vph4idzm88vnasb\/","url":"https:\/\/www.energiecrossmedial.de\/index.php\/icer-tennet-tso-gmbh_aa2dhd2vph4idzm88vnasb\/","name":"Interview mit Tim Meyerj\u00fcrgens (Member Executive Board \/ Chief Operating Officer, TenneT TSO GmbH) - ENERGIE.CROSS.MEDIAL","isPartOf":{"@id":"https:\/\/www.energiecrossmedial.de\/#website"},"datePublished":"2021-09-20T12:20:09+00:00","dateModified":"2021-09-20T12:20:09+00:00","breadcrumb":{"@id":"https:\/\/www.energiecrossmedial.de\/index.php\/icer-tennet-tso-gmbh_aa2dhd2vph4idzm88vnasb\/#breadcrumb"},"inLanguage":"de","potentialAction":[{"@type":"ReadAction","target":["https:\/\/www.energiecrossmedial.de\/index.php\/icer-tennet-tso-gmbh_aa2dhd2vph4idzm88vnasb\/"]}]},{"@type":"BreadcrumbList","@id":"https:\/\/www.energiecrossmedial.de\/index.php\/icer-tennet-tso-gmbh_aa2dhd2vph4idzm88vnasb\/#breadcrumb","itemListElement":[{"@type":"ListItem","position":1,"name":"Startseite","item":"https:\/\/www.energiecrossmedial.de\/"},{"@type":"ListItem","position":2,"name":"Interview mit Tim Meyerj\u00fcrgens (Member Executive Board \/ Chief Operating Officer, TenneT TSO GmbH)"}]},{"@type":"WebSite","@id":"https:\/\/www.energiecrossmedial.de\/#website","url":"https:\/\/www.energiecrossmedial.de\/","name":"ENERGIE.CROSS.MEDIAL - das forum der energiewende","description":"das forum der energiewende","publisher":{"@id":"https:\/\/www.energiecrossmedial.de\/#organization"},"potentialAction":[{"@type":"SearchAction","target":{"@type":"EntryPoint","urlTemplate":"https:\/\/www.energiecrossmedial.de\/?s={search_term_string}"},"query-input":{"@type":"PropertyValueSpecification","valueRequired":true,"valueName":"search_term_string"}}],"inLanguage":"de"},{"@type":"Organization","@id":"https:\/\/www.energiecrossmedial.de\/#organization","name":"ENERGIE.CROSS.MEDIAL - das forum der energiewende","url":"https:\/\/www.energiecrossmedial.de\/","logo":{"@type":"ImageObject","inLanguage":"de","@id":"https:\/\/www.energiecrossmedial.de\/#\/schema\/logo\/image\/","url":"https:\/\/www.energiecrossmedial.de\/wp-content\/uploads\/2023\/09\/cropped-Website_Icon.png","contentUrl":"https:\/\/www.energiecrossmedial.de\/wp-content\/uploads\/2023\/09\/cropped-Website_Icon.png","width":512,"height":512,"caption":"ENERGIE.CROSS.MEDIAL - das forum der energiewende"},"image":{"@id":"https:\/\/www.energiecrossmedial.de\/#\/schema\/logo\/image\/"},"sameAs":["https:\/\/x.com\/EnergieXMedial","https:\/\/www.linkedin.com\/company\/zukunftsenergien\/"]}]}},"jetpack_sharing_enabled":true,"_links":{"self":[{"href":"https:\/\/www.energiecrossmedial.de\/index.php\/wp-json\/wp\/v2\/pages\/1674","targetHints":{"allow":["GET"]}}],"collection":[{"href":"https:\/\/www.energiecrossmedial.de\/index.php\/wp-json\/wp\/v2\/pages"}],"about":[{"href":"https:\/\/www.energiecrossmedial.de\/index.php\/wp-json\/wp\/v2\/types\/page"}],"author":[{"embeddable":true,"href":"https:\/\/www.energiecrossmedial.de\/index.php\/wp-json\/wp\/v2\/users\/1"}],"replies":[{"embeddable":true,"href":"https:\/\/www.energiecrossmedial.de\/index.php\/wp-json\/wp\/v2\/comments?post=1674"}],"version-history":[{"count":0,"href":"https:\/\/www.energiecrossmedial.de\/index.php\/wp-json\/wp\/v2\/pages\/1674\/revisions"}],"wp:attachment":[{"href":"https:\/\/www.energiecrossmedial.de\/index.php\/wp-json\/wp\/v2\/media?parent=1674"}],"curies":[{"name":"wp","href":"https:\/\/api.w.org\/{rel}","templated":true}]}}