{"id":1676,"date":"2021-09-20T12:20:10","date_gmt":"2021-09-20T12:20:10","guid":{"rendered":"http:\/\/localhost\/wordpress\/interview-mit-prof-dr-ing-christian-kuechen-mwv\/"},"modified":"2021-09-20T12:20:10","modified_gmt":"2021-09-20T12:20:10","slug":"interview-mit-prof-dr-ing-christian-kuechen-mwv","status":"publish","type":"page","link":"https:\/\/www.energiecrossmedial.de\/index.php\/interview-mit-prof-dr-ing-christian-kuechen-mwv\/","title":{"rendered":"Interview mit Prof. Dr.-Ing. Christian K\u00fcchen (MWV)"},"content":{"rendered":"<div id=\"page_caption\" class=\"\">\n<div class=\"page_title_wrapper\">\n<div class=\"standard_wrapper\">\n<div class=\"page_title_inner\">\n<div class=\"page_title_content\">\n<h1>  <\/h1>\n<\/p><\/div>\n<\/p><\/div>\n<\/p><\/div>\n<\/p><\/div>\n<\/div>\n<p><!-- Begin content --><\/p>\n<div id=\"page_content_wrapper\" class=\"\">\n<div class=\"inner\">\n    \t<!-- Begin main content --><\/p>\n<div class=\"inner_wrapper\">\n<div class=\"sidebar_content\">\n<!-- Begin each blog post --><\/p>\n<div id=\"post-2579\" class=\"post-2579 post type-post status-publish format-standard hentry category-allgemein category-interviews\">\n<div class=\"post_wrapper\">\n<div class=\"post_content_wrapper\">\n<h1>Interview mit Prof. Dr.-Ing. Christian K\u00fcchen (MWV)<\/h1>\n<div class=\"post_detail single_post\">\n\t\t\t\t<span class=\"post_info_date\"><br \/>\n\t\t\t\t\t2. M\u00e4rz 2020\t\t\t\t<\/span><br \/>\n\t\t\t\t<span class=\"post_info_comment\"><br \/>\n\t\t\t\t\t\u2022<br \/>\n\t\t\t\t\t0&nbsp;Kommentar\t\t\t\t<\/span>\n\t\t\t<\/div>\n<div class=\"pf-content\">\n<figure class=\"wp-block-image size-thumbnail\"><img loading=\"lazy\" decoding=\"async\" loading=\"lazy\" width=\"150\" height=\"150\" src=\"[get_bloginfo]url[\/get_bloginfo]\/files\/wp-content\/uploads\/2020\/01\/christian_kuechen_pressefoto-150x150.jpg\" alt=\"\" class=\"wp-image-2073\"\/><\/figure>\n<p class=\"fqk44srj04fgyxc3g\"><strong><em>Dr.<br \/>\nAnnette Nietfeld im Gespr\u00e4ch mit Prof. Dr.-Ing. Christian K\u00fcchen<\/em><\/strong><\/p>\n<p class=\"fqk44srj04fgyxc3g\"><em>Am<br \/>\n10. und 11. M\u00e4rz 2020 diskutieren bei ENERGIE.CROSS.MEDIAL zahlreiche Experten<br \/>\nsektoren\u00fcbergreifend dar\u00fcber, wie die verschiedenen Branchen die energie- und klimapolitischen<br \/>\nHerausforderungen der kommenden Jahre gemeinsam meistern k\u00f6nnen.<\/em><\/p>\n<p class=\"fqk44srj04fgyxc3g\"><em>Prof.<br \/>\nDr.-Ing. Christian K\u00fcchen, Hauptgesch\u00e4ftsf\u00fchrer des<br \/>\nMineral\u00f6lwirtschaftsverbands (MWV) e.V.&nbsp;<br \/>\nin Berlin, h\u00e4lt am zweiten Tag, dem 11. M\u00e4rz, um 10 Uhr seinen Vortrag<br \/>\nzum Thema \u201eGr\u00fcne Molek\u00fcle und gr\u00fcne Elektronen. Wie bringen wir die<br \/>\nerforderlichen Technologien f\u00fcr Industrie, W\u00e4rme und Mobilit\u00e4t im industriellen<br \/>\nMa\u00dfstab voran\u201c.&nbsp; Mit ihm sprach vorab Dr.<br \/>\nAnnette Nietfeld, Gesch\u00e4ftsf\u00fchrerin des Forums f\u00fcr Zukunftsenergien.<\/em><\/p>\n<p class=\"fqk44srj04fgyxc3g\"><strong>\u201eMit<br \/>\nerneuerbaren Kraftstoffen ist ein Riesensprung beim Klimaschutz m\u00f6glich\u201c<\/strong><\/p>\n<p class=\"fqk44srj04fgyxc3g\"><strong>Dr. Annette Nietfeld: <\/strong><em>Herr Professor K\u00fcchen, der<br \/>\nMineral\u00f6lwirtschaftsverband engagiert sich f\u00fcr das Forum ENERGIE.CROSS.MEDIAL<br \/>\nam 10. und 11. M\u00e4rz in Berlin. Warum?<\/em><\/p>\n<p class=\"fqk44srj04fgyxc3g\"><strong>Prof. Christian K\u00fcchen: <\/strong><em>Ein solches Forum, auf dem<br \/>\nhochrangige Fachleute der Energie-, Verkehrs- und W\u00e4rmewende f\u00fcr zwei Tage<br \/>\nzusammenkommen, ist geradezu \u00fcberf\u00e4llig. Hier treffen wir als Mobilit\u00e4ts- und<br \/>\nW\u00e4rmeanbieter mit Energieversorgern, Stromnetzbetreibern, Wohnungswirtschaft<br \/>\nsowie NGOs, Wissenschaft und Politik zusammen. <\/em><\/p>\n<p class=\"fqk44srj04fgyxc3g\"><strong>Dr. Annette Nietfeld: <\/strong><em>Was erwarten Sie von dem neuen Format?<\/em><\/p>\n<p class=\"fqk44srj04fgyxc3g\"><strong>Prof. Christian K\u00fcchen: <\/strong><em>F\u00fcr uns ist klar: Die Ziele<br \/>\nsind f\u00fcr alle Sektoren und Industriezweige so ambitioniert, dass Klimaschutz-L\u00f6sungen<br \/>\nnur gemeinsam entwickelt werden k\u00f6nnen. Es geht jetzt darum, einen gro\u00dfen<br \/>\nSchritt in der Zusammenarbeit der einzelnen Sektoren voranzukommen. <\/em><\/p>\n<p class=\"fqk44srj04fgyxc3g\"><strong>Dr. Annette Nietfeld: <\/strong><em>Wie sch\u00e4tzen Sie die Ausgangslage<br \/>\nIhrer Branche zu Beginn dieses im Klimaschutz entscheidenden Jahrzehnts ein? &nbsp;<\/em><\/p>\n<p class=\"fqk44srj04fgyxc3g\"><strong>Prof. Christian K\u00fcchen: <\/strong><em>Unsere Branche unterst\u00fctzt die<br \/>\nPariser Klimaziele uneingeschr\u00e4nkt. Aber das bedeutet auch: Wir m\u00fcssen uns<br \/>\npraktisch neu erfinden. Denn in der Mineral\u00f6lindustrie sind nicht nur wie in<br \/>\nanderen Branchen die Produktionsprozesse von den Klimazielen betroffen, sondern<br \/>\nauch die Produkte selbst. <\/em><\/p>\n<p class=\"fqk44srj04fgyxc3g\"><strong>Dr. Annette Nietfeld: <\/strong><em>Was muss sich \u00e4ndern? <\/em><\/p>\n<p class=\"fqk44srj04fgyxc3g\"><strong>Prof. Christian K\u00fcchen: <\/strong><em>Ganz klar: Die Produkte m\u00fcssen<br \/>\nk\u00fcnftig zunehmend aus erneuerbaren Rohstoffen hergestellt werden. Damit ist<br \/>\nauch die Herausforderung f\u00fcr uns weitaus gr\u00f6\u00dfer als etwa bei Stahl, Zement oder<br \/>\nChemie. Und: Der Umstieg muss schon in dieser Dekade substanziell beginnen,<br \/>\nwollen wir die Klimaziele erreichen. <\/em><\/p>\n<p class=\"fqk44srj04fgyxc3g\"><strong>Dr. Annette Nietfeld: <\/strong><em>Ihre Branche steht f\u00fcr Mobilit\u00e4t und<br \/>\nW\u00e4rme, ist aber auch Vorlieferant der chemischen Industrie. Im welchem Bereich<br \/>\nsehen Sie die gr\u00f6\u00dfte Herausforderung auf dem Weg in die<br \/>\nNull-Emissions-\u00d6konomie? <\/em><\/p>\n<p class=\"fqk44srj04fgyxc3g\"><strong>Prof. Christian K\u00fcchen: <\/strong><em>Eindeutig im Verkehrssektor \u2013<br \/>\nhierhin gehen immerhin 60 Prozent unserer Produkte. Nach dem Klimaschutzgesetz m\u00fcssen<br \/>\ndie CO<sub>2<\/sub>-Emissionen bis 2030 um 42 Prozent sinken. Aber: Selbst bei<br \/>\nzehn Millionen Elektrofahrzeugen wird der ganz \u00fcberwiegende Teil der Pkw und<br \/>\nNutzfahrzeuge weiterhin mit Verbrennungsmotor unterwegs sein. Zum Erreichen der<br \/>\nKlimaziele ben\u00f6tigen wir also h\u00f6here Anteile erneuerbarer beziehungsweise<br \/>\ntreibhausgasneutraler Kraftstoffe.<\/em><\/p>\n<p class=\"fqk44srj04fgyxc3g\"><strong>Dr. Annette Nietfeld: <\/strong><em>Das Bundesumweltministerium hat sich diesbez\u00fcglich<br \/>\nbislang gegen Pkw ausgesprochen \u2026 <\/em><strong>&nbsp;<\/strong><\/p>\n<p class=\"fqk44srj04fgyxc3g\"><strong>Prof. Christian K\u00fcchen: <\/strong><em>\u2026 Ohne eine politische Kurskorrektur<br \/>\nwerden wir aber unsere Klimaziele nicht erreichen.<\/em><strong>&nbsp;<br \/>\n<\/strong><em>Berechnungen<br \/>\nzufolge betr\u00e4gt die CO<sub>2<\/sub>-L\u00fccke im Verkehr bis 2030 mindestens 19<br \/>\nMillionen Tonnen. Wir brauchen also erhebliche Mengen fortschrittliche Biokraftstoffe<br \/>\nund zus\u00e4tzlich synthetische Kraftstoffe, also E-Fuels. Diese k\u00f6nnen bis 2035 zur<br \/>\nVerf\u00fcgung stehen, wenn jetzt die richtigen Rahmenbedingungen gesetzt werden. <\/em><\/p>\n<p class=\"fqk44srj04fgyxc3g\"><strong>Dr. Annette Nietfeld: <\/strong><em>Wie schaffen wir den Weg zu mehr<br \/>\nKlimaschutz im Verkehr in der Praxis? <\/em><strong>&nbsp;<\/strong><\/p>\n<p class=\"fqk44srj04fgyxc3g\"><strong>Prof. Christian K\u00fcchen: <\/strong><em>Weil erneuerbare Kraftstoffe<br \/>\nzumindest in der Phase des Markthochlaufs noch deutlich teurer sind als<br \/>\nherk\u00f6mmliche Kraftstoffe, sind daf\u00fcr zwei Faktoren entscheidend: Es muss ein<br \/>\nrelevanter Markt sein, und es muss eine hohe Zahlungsbereitschaft bestehen. Hier<br \/>\nbietet sich gerade der Pkw-Sektor an. Mit einem hohen CO<sub>2<\/sub>-Preissignal<br \/>\nauf die herk\u00f6mmlichen Kraftstoffe entsteht dann ein Gesch\u00e4ftsmodell f\u00fcr erneuerbare<br \/>\nKraftstoffe \u2013 ohne die Verbraucher finanziell st\u00e4rker zu belasten als heute. Dazu<br \/>\nbrauchen wir die Umstellung der heutigen Energiesteuer zu einer CO2-Bepreisung.<br \/>\n<\/em><\/p>\n<p class=\"fqk44srj04fgyxc3g\"><strong>Dr. Annette Nietfeld: <\/strong><em>Das geht aber nicht ohne die EU.<\/em><\/p>\n<p class=\"fqk44srj04fgyxc3g\"><strong>Prof. Christian K\u00fcchen: <\/strong><em>Richtig. Die EU muss die<br \/>\nEnergiesteuerrichtlinie so anpassen, dass die Energiesteuer voll in eine CO<sub>2<\/sub>-Bepreisung<br \/>\numgewandelt werden kann. Die EU kann aber noch mehr f\u00fcr den Klimaschutz im<br \/>\nVerkehr tun \u2026 <\/em><\/p>\n<p class=\"fqk44srj04fgyxc3g\"><strong>Dr. Annette Nietfeld: <\/strong><em>\u2026 und zwar?<\/em><\/p>\n<p class=\"fqk44srj04fgyxc3g\"><strong>Prof. Christian K\u00fcchen: <\/strong><em>\u2026 die Anrechnung der erneuerbaren Kraftstoffe im Rahmen ihrer CO<sub>2<\/sub>-Flottenregulierung erm\u00f6glichen. Hierf\u00fcr d\u00fcrfen aber nur zus\u00e4tzliche Mengen erneuerbarer Kraftstoffe z\u00e4hlen. Es sollte keine Doppelz\u00e4hlung von Mengen geben, die bereits auf die geltenden Verpflichtungen der Mineral\u00f6lwirtschaft zur Reduzierung der Treibhausgasemissionen angerechnet werden. Ist das erf\u00fcllt, wird das zus\u00e4tzliche Angebot sofort als CO<sub>2<\/sub>-mindernd gez\u00e4hlt, und Strafzahlungen der Autohersteller werden vermieden. Wenn Biofuels und E-Fuels beim Fahrzeugverbrauch in der EU als treibhausgasarm oder  -neutral anerkannt werden, machen wir beim Klimaschutz einen Riesensprung nach vorne. <\/em><\/p>\n<p class=\"fqk44srj04fgyxc3g\"><strong>Dr. Annette Nietfeld: <\/strong><em>Vielen Dank f\u00fcr das Interview. Wir freuen uns auf Ihren Vortrag bei ENERGIE.CROSS.MEDIAL.<\/em><\/p>\n<\/div>\n<p><br class=\"clear\"\/>\n\t    <\/div>\n<\/p><\/div>\n<\/div>\n<p><!-- End each blog post -->\n    \t<\/div>\n<div class=\"sidebar_wrapper\">\n<div class=\"sidebar_top\"><\/div>\n<div class=\"sidebar\">\n<div class=\"content\">\n    \t\t\t\t<\/div>\n<\/p><\/div>\n<p>    \t\t\t<br class=\"clear\"\/><\/p>\n<div class=\"sidebar_bottom\"><\/div>\n<\/p><\/div>\n<\/p><\/div>\n<p>    <!-- End main content -->\n<\/div>\n<p><br class=\"clear\"\/><br class=\"fqk44srj04fgyxc3g\"\/>\n<\/div>\n","protected":false},"excerpt":{"rendered":"<p>Interview mit Prof. Dr.-Ing. Christian K\u00fcchen (MWV) 2. M\u00e4rz 2020 \u2022 0&nbsp;Kommentar Dr. Annette Nietfeld im Gespr\u00e4ch mit Prof. Dr.-Ing. Christian K\u00fcchen Am 10. und 11. M\u00e4rz 2020 diskutieren bei ENERGIE.CROSS.MEDIAL zahlreiche Experten sektoren\u00fcbergreifend dar\u00fcber, wie die verschiedenen Branchen die [&hellip;]<\/p>\n","protected":false},"author":1,"featured_media":0,"parent":0,"menu_order":60,"comment_status":"closed","ping_status":"closed","template":"template_3.php","meta":{"_acf_changed":false,"footnotes":""},"class_list":["post-1676","page","type-page","status-publish","hentry"],"acf":[],"yoast_head":"<!-- This site is optimized with the Yoast SEO plugin v24.0 - https:\/\/yoast.com\/wordpress\/plugins\/seo\/ -->\n<title>Interview mit Prof. Dr.-Ing. Christian K\u00fcchen (MWV) - ENERGIE.CROSS.MEDIAL<\/title>\n<meta name=\"robots\" content=\"index, follow, max-snippet:-1, max-image-preview:large, max-video-preview:-1\" \/>\n<link rel=\"canonical\" href=\"https:\/\/www.energiecrossmedial.de\/index.php\/interview-mit-prof-dr-ing-christian-kuechen-mwv\/\" \/>\n<meta property=\"og:locale\" content=\"de_DE\" \/>\n<meta property=\"og:type\" content=\"article\" \/>\n<meta property=\"og:title\" content=\"Interview mit Prof. Dr.-Ing. Christian K\u00fcchen (MWV) - ENERGIE.CROSS.MEDIAL\" \/>\n<meta property=\"og:description\" content=\"Interview mit Prof. Dr.-Ing. Christian K\u00fcchen (MWV) 2. M\u00e4rz 2020 \u2022 0&nbsp;Kommentar Dr. Annette Nietfeld im Gespr\u00e4ch mit Prof. Dr.-Ing. Christian K\u00fcchen Am 10. und 11. M\u00e4rz 2020 diskutieren bei ENERGIE.CROSS.MEDIAL zahlreiche Experten sektoren\u00fcbergreifend dar\u00fcber, wie die verschiedenen Branchen die [&hellip;]\" \/>\n<meta property=\"og:url\" content=\"https:\/\/www.energiecrossmedial.de\/index.php\/interview-mit-prof-dr-ing-christian-kuechen-mwv\/\" \/>\n<meta property=\"og:site_name\" content=\"ENERGIE.CROSS.MEDIAL\" \/>\n<meta name=\"twitter:card\" content=\"summary_large_image\" \/>\n<meta name=\"twitter:site\" content=\"@EnergieXMedial\" \/>\n<meta name=\"twitter:label1\" content=\"Gesch\u00e4tzte Lesezeit\" \/>\n\t<meta name=\"twitter:data1\" content=\"4\u00a0Minuten\" \/>\n<script type=\"application\/ld+json\" class=\"yoast-schema-graph\">{\"@context\":\"https:\/\/schema.org\",\"@graph\":[{\"@type\":\"WebPage\",\"@id\":\"https:\/\/www.energiecrossmedial.de\/index.php\/interview-mit-prof-dr-ing-christian-kuechen-mwv\/\",\"url\":\"https:\/\/www.energiecrossmedial.de\/index.php\/interview-mit-prof-dr-ing-christian-kuechen-mwv\/\",\"name\":\"Interview mit Prof. Dr.-Ing. Christian K\u00fcchen (MWV) - ENERGIE.CROSS.MEDIAL\",\"isPartOf\":{\"@id\":\"https:\/\/www.energiecrossmedial.de\/#website\"},\"datePublished\":\"2021-09-20T12:20:10+00:00\",\"dateModified\":\"2021-09-20T12:20:10+00:00\",\"breadcrumb\":{\"@id\":\"https:\/\/www.energiecrossmedial.de\/index.php\/interview-mit-prof-dr-ing-christian-kuechen-mwv\/#breadcrumb\"},\"inLanguage\":\"de\",\"potentialAction\":[{\"@type\":\"ReadAction\",\"target\":[\"https:\/\/www.energiecrossmedial.de\/index.php\/interview-mit-prof-dr-ing-christian-kuechen-mwv\/\"]}]},{\"@type\":\"BreadcrumbList\",\"@id\":\"https:\/\/www.energiecrossmedial.de\/index.php\/interview-mit-prof-dr-ing-christian-kuechen-mwv\/#breadcrumb\",\"itemListElement\":[{\"@type\":\"ListItem\",\"position\":1,\"name\":\"Startseite\",\"item\":\"https:\/\/www.energiecrossmedial.de\/\"},{\"@type\":\"ListItem\",\"position\":2,\"name\":\"Interview mit Prof. Dr.-Ing. Christian K\u00fcchen (MWV)\"}]},{\"@type\":\"WebSite\",\"@id\":\"https:\/\/www.energiecrossmedial.de\/#website\",\"url\":\"https:\/\/www.energiecrossmedial.de\/\",\"name\":\"ENERGIE.CROSS.MEDIAL - das forum der energiewende\",\"description\":\"das forum der energiewende\",\"publisher\":{\"@id\":\"https:\/\/www.energiecrossmedial.de\/#organization\"},\"potentialAction\":[{\"@type\":\"SearchAction\",\"target\":{\"@type\":\"EntryPoint\",\"urlTemplate\":\"https:\/\/www.energiecrossmedial.de\/?s={search_term_string}\"},\"query-input\":{\"@type\":\"PropertyValueSpecification\",\"valueRequired\":true,\"valueName\":\"search_term_string\"}}],\"inLanguage\":\"de\"},{\"@type\":\"Organization\",\"@id\":\"https:\/\/www.energiecrossmedial.de\/#organization\",\"name\":\"ENERGIE.CROSS.MEDIAL - das forum der energiewende\",\"url\":\"https:\/\/www.energiecrossmedial.de\/\",\"logo\":{\"@type\":\"ImageObject\",\"inLanguage\":\"de\",\"@id\":\"https:\/\/www.energiecrossmedial.de\/#\/schema\/logo\/image\/\",\"url\":\"https:\/\/www.energiecrossmedial.de\/wp-content\/uploads\/2023\/09\/cropped-Website_Icon.png\",\"contentUrl\":\"https:\/\/www.energiecrossmedial.de\/wp-content\/uploads\/2023\/09\/cropped-Website_Icon.png\",\"width\":512,\"height\":512,\"caption\":\"ENERGIE.CROSS.MEDIAL - das forum der energiewende\"},\"image\":{\"@id\":\"https:\/\/www.energiecrossmedial.de\/#\/schema\/logo\/image\/\"},\"sameAs\":[\"https:\/\/x.com\/EnergieXMedial\",\"https:\/\/www.linkedin.com\/company\/zukunftsenergien\/\"]}]}<\/script>\n<!-- \/ Yoast SEO plugin. -->","yoast_head_json":{"title":"Interview mit Prof. Dr.-Ing. Christian K\u00fcchen (MWV) - ENERGIE.CROSS.MEDIAL","robots":{"index":"index","follow":"follow","max-snippet":"max-snippet:-1","max-image-preview":"max-image-preview:large","max-video-preview":"max-video-preview:-1"},"canonical":"https:\/\/www.energiecrossmedial.de\/index.php\/interview-mit-prof-dr-ing-christian-kuechen-mwv\/","og_locale":"de_DE","og_type":"article","og_title":"Interview mit Prof. Dr.-Ing. Christian K\u00fcchen (MWV) - ENERGIE.CROSS.MEDIAL","og_description":"Interview mit Prof. Dr.-Ing. Christian K\u00fcchen (MWV) 2. M\u00e4rz 2020 \u2022 0&nbsp;Kommentar Dr. Annette Nietfeld im Gespr\u00e4ch mit Prof. Dr.-Ing. Christian K\u00fcchen Am 10. und 11. M\u00e4rz 2020 diskutieren bei ENERGIE.CROSS.MEDIAL zahlreiche Experten sektoren\u00fcbergreifend dar\u00fcber, wie die verschiedenen Branchen die [&hellip;]","og_url":"https:\/\/www.energiecrossmedial.de\/index.php\/interview-mit-prof-dr-ing-christian-kuechen-mwv\/","og_site_name":"ENERGIE.CROSS.MEDIAL","twitter_card":"summary_large_image","twitter_site":"@EnergieXMedial","twitter_misc":{"Gesch\u00e4tzte Lesezeit":"4\u00a0Minuten"},"schema":{"@context":"https:\/\/schema.org","@graph":[{"@type":"WebPage","@id":"https:\/\/www.energiecrossmedial.de\/index.php\/interview-mit-prof-dr-ing-christian-kuechen-mwv\/","url":"https:\/\/www.energiecrossmedial.de\/index.php\/interview-mit-prof-dr-ing-christian-kuechen-mwv\/","name":"Interview mit Prof. Dr.-Ing. Christian K\u00fcchen (MWV) - ENERGIE.CROSS.MEDIAL","isPartOf":{"@id":"https:\/\/www.energiecrossmedial.de\/#website"},"datePublished":"2021-09-20T12:20:10+00:00","dateModified":"2021-09-20T12:20:10+00:00","breadcrumb":{"@id":"https:\/\/www.energiecrossmedial.de\/index.php\/interview-mit-prof-dr-ing-christian-kuechen-mwv\/#breadcrumb"},"inLanguage":"de","potentialAction":[{"@type":"ReadAction","target":["https:\/\/www.energiecrossmedial.de\/index.php\/interview-mit-prof-dr-ing-christian-kuechen-mwv\/"]}]},{"@type":"BreadcrumbList","@id":"https:\/\/www.energiecrossmedial.de\/index.php\/interview-mit-prof-dr-ing-christian-kuechen-mwv\/#breadcrumb","itemListElement":[{"@type":"ListItem","position":1,"name":"Startseite","item":"https:\/\/www.energiecrossmedial.de\/"},{"@type":"ListItem","position":2,"name":"Interview mit Prof. Dr.-Ing. Christian K\u00fcchen (MWV)"}]},{"@type":"WebSite","@id":"https:\/\/www.energiecrossmedial.de\/#website","url":"https:\/\/www.energiecrossmedial.de\/","name":"ENERGIE.CROSS.MEDIAL - das forum der energiewende","description":"das forum der energiewende","publisher":{"@id":"https:\/\/www.energiecrossmedial.de\/#organization"},"potentialAction":[{"@type":"SearchAction","target":{"@type":"EntryPoint","urlTemplate":"https:\/\/www.energiecrossmedial.de\/?s={search_term_string}"},"query-input":{"@type":"PropertyValueSpecification","valueRequired":true,"valueName":"search_term_string"}}],"inLanguage":"de"},{"@type":"Organization","@id":"https:\/\/www.energiecrossmedial.de\/#organization","name":"ENERGIE.CROSS.MEDIAL - das forum der energiewende","url":"https:\/\/www.energiecrossmedial.de\/","logo":{"@type":"ImageObject","inLanguage":"de","@id":"https:\/\/www.energiecrossmedial.de\/#\/schema\/logo\/image\/","url":"https:\/\/www.energiecrossmedial.de\/wp-content\/uploads\/2023\/09\/cropped-Website_Icon.png","contentUrl":"https:\/\/www.energiecrossmedial.de\/wp-content\/uploads\/2023\/09\/cropped-Website_Icon.png","width":512,"height":512,"caption":"ENERGIE.CROSS.MEDIAL - das forum der energiewende"},"image":{"@id":"https:\/\/www.energiecrossmedial.de\/#\/schema\/logo\/image\/"},"sameAs":["https:\/\/x.com\/EnergieXMedial","https:\/\/www.linkedin.com\/company\/zukunftsenergien\/"]}]}},"jetpack_sharing_enabled":true,"_links":{"self":[{"href":"https:\/\/www.energiecrossmedial.de\/index.php\/wp-json\/wp\/v2\/pages\/1676","targetHints":{"allow":["GET"]}}],"collection":[{"href":"https:\/\/www.energiecrossmedial.de\/index.php\/wp-json\/wp\/v2\/pages"}],"about":[{"href":"https:\/\/www.energiecrossmedial.de\/index.php\/wp-json\/wp\/v2\/types\/page"}],"author":[{"embeddable":true,"href":"https:\/\/www.energiecrossmedial.de\/index.php\/wp-json\/wp\/v2\/users\/1"}],"replies":[{"embeddable":true,"href":"https:\/\/www.energiecrossmedial.de\/index.php\/wp-json\/wp\/v2\/comments?post=1676"}],"version-history":[{"count":0,"href":"https:\/\/www.energiecrossmedial.de\/index.php\/wp-json\/wp\/v2\/pages\/1676\/revisions"}],"wp:attachment":[{"href":"https:\/\/www.energiecrossmedial.de\/index.php\/wp-json\/wp\/v2\/media?parent=1676"}],"curies":[{"name":"wp","href":"https:\/\/api.w.org\/{rel}","templated":true}]}}