{"id":1680,"date":"2021-09-20T12:20:10","date_gmt":"2021-09-20T12:20:10","guid":{"rendered":"http:\/\/localhost\/wordpress\/mehr-klimaschutz-mit-alternativen-kraft-und-brennstoffen\/"},"modified":"2021-09-20T12:20:10","modified_gmt":"2021-09-20T12:20:10","slug":"mehr-klimaschutz-mit-alternativen-kraft-und-brennstoffen","status":"publish","type":"page","link":"https:\/\/www.energiecrossmedial.de\/index.php\/mehr-klimaschutz-mit-alternativen-kraft-und-brennstoffen\/","title":{"rendered":"\u201eMehr Klimaschutz mit alternativen Kraft- und Brennstoffen\u201c"},"content":{"rendered":"<div id=\"page_caption\" class=\"\">\n<div class=\"page_title_wrapper\">\n<div class=\"standard_wrapper\">\n<div class=\"page_title_inner\">\n<div class=\"page_title_content\">\n<h1>  <\/h1>\n<\/p><\/div>\n<\/p><\/div>\n<\/p><\/div>\n<\/p><\/div>\n<\/div>\n<p><!-- Begin content --><\/p>\n<div id=\"page_content_wrapper\" class=\"\">\n<div class=\"inner\">\n    \t<!-- Begin main content --><\/p>\n<div class=\"inner_wrapper\">\n<div class=\"sidebar_content\">\n<!-- Begin each blog post --><\/p>\n<div id=\"post-3811\" class=\"post-3811 post type-post status-publish format-standard has-post-thumbnail hentry category-allgemein category-interviews-2021\">\n<div class=\"post_wrapper\">\n<div class=\"post_content_wrapper\">\n<h1>\u201eMehr Klimaschutz mit alternativen Kraft- und Brennstoffen\u201c<\/h1>\n<div class=\"post_detail single_post\">\n\t\t\t\t<span class=\"post_info_date\"><br \/>\n\t\t\t\t\t11. Februar 2021\t\t\t\t<\/span><br \/>\n\t\t\t\t<span class=\"post_info_comment\"><br \/>\n\t\t\t\t\t\u2022<br \/>\n\t\t\t\t\t0&nbsp;Kommentar\t\t\t\t<\/span>\n\t\t\t<\/div>\n<div class=\"pf-content\">\n<p class=\"fqk44srj04fgyxc3g\"><strong>Interview mit Prof. Christian K\u00fcchen (Hauptgesch\u00e4ftsf\u00fchrer des Mineral\u00f6lwirtschaftsverbandes MWV) und Adrian Willig (Gesch\u00e4ftsf\u00fchrer des Instituts f\u00fcr W\u00e4rme und Mobilit\u00e4t IWO)<\/strong><\/p>\n<p class=\"fqk44srj04fgyxc3g\"><strong>Dr. Annette Nietfeld: <\/strong>Herr Professor K\u00fcchen, mit Corona und erh\u00f6hten Klimaschutz-Anforderungen geht die \u00d6lnachfrage in Europa und Deutschland zur\u00fcck. Elektromobilit\u00e4t ist auf dem Vormarsch. Brauchen wir 2030 noch Raffinerien?<\/p>\n<p class=\"fqk44srj04fgyxc3g\"><strong>Christian K\u00fcchen: <\/strong>Ein ganz klares \u201eja\u201c, und das v\u00f6llig unabh\u00e4ngig von Corona.&nbsp; Der Ausbau der Elektromobilit\u00e4t kann und muss einen wichtigen Beitrag zur Senkung der Treibhausgasemissionen leisten, das ist in unserer Branche unstrittig. Und nat\u00fcrlich wird, wenn das erfolgreich ist, der Kraftstoffabsatz r\u00fcckl\u00e4ufig sein. Auch im W\u00e4rmesektor wird die Energienachfrage durch Effizienzsteigerungen kontinuierlich sinken. Aber das wird alles nicht ausreichen, die ohnehin schon sehr ambitionierten Klimaziele f\u00fcr die verschiedenen Sektoren zu erreichen. Wir brauchen zus\u00e4tzlich Energietr\u00e4ger aus Raffinerien, deren CO2-Fu\u00dfabdruck gegen\u00fcber heute schon deutlich reduziert ist. Und daneben wollen wir ja auch industrielle Wertsch\u00f6pfungsketten in Deutschland mit hochqualifizierten Jobs halten. So bezieht die Kohlenwasserstoff-basierte chemische Industrie fast drei Viertel ihrer Rohstoffe aus Raffinerien.<\/p>\n<p class=\"fqk44srj04fgyxc3g\"><strong>Dr. Annette Nietfeld: <\/strong>Herr Willig, welche Rolle k\u00f6nnen fl\u00fcssige Energietr\u00e4ger denn k\u00fcnftig spielen?&nbsp;<\/p>\n<p class=\"fqk44srj04fgyxc3g\"><strong>Adrian Willig: <\/strong>Gerade im Stra\u00dfenverkehr und in Geb\u00e4uden spielen fossile Kraft- und Brennstoffe derzeit noch die Hauptrolle. Mineral\u00f6lprodukte sind hierzulande Energietr\u00e4ger Nummer eins. Selbst bei deutlich geringeren Verbr\u00e4uchen: Mit heimischem Wind- und Sonnenstrom allein werden wir in Deutschland k\u00fcnftig kaum auskommen, um all diese fossilen Energietr\u00e4ger zu ersetzen. Eine weitgehend klimaneutrale Gesellschaft wird hierzulande darum auf gr\u00fcne Energieimporte angewiesen sein. Daf\u00fcr bieten sich neben Wasserstoff alternative fl\u00fcssige Kraft- und Brennstoffe an, die ohne fossiles \u00d6l auskommen, aber ebenso einfach zu speichern und gut zu transportieren sind, wie die herk\u00f6mmlichen Produkte. Infrastruktur undAnwendungstechnik daf\u00fcr sind auch schon da. Hinzu kommt: Selbst wenn bis 2030 rund zehn Millionen Autos mit reinem Batterieantrieb oder als Plug-In-Hybride auf Deutschlands Stra\u00dfen unterwegs sein sollten, w\u00fcrden dann wohl noch immer mehr als 35 Millionen Pkw mit Verbrennungsmotor fahren. Auch die sollen einen Beitrag zum Klimaschutz leisten k\u00f6nnen. Insofern brauchen wir k\u00fcnftig auch alternative fl\u00fcssige Energietr\u00e4ger aus erneuerbaren Quellen \u2013 zus\u00e4tzlich zur direkten Elektrifizierung.<\/p>\n<p class=\"fqk44srj04fgyxc3g\"><strong>Dr. Annette Nietfeld: <\/strong>Was f\u00fcr Energietr\u00e4ger k\u00f6nnen das sein?<\/p>\n<p class=\"fqk44srj04fgyxc3g\"><strong>Adrian Willig: <\/strong>Es geht um erneuerbare Kraft- und Brennstoffe, mit denen der fossile Anteil heutiger Energietr\u00e4ger nach und nach vermindert werden kann. Herstellung und Nutzung solcher Fuels beruhen auf weitgehend geschlossenen Kohlenstoffkreisl\u00e4ufen. Alternative Kraft- und Brennstoffe werden bereits heute mit klassischem Benzin, Diesel und Heiz\u00f6l kombiniert. F\u00fcr die Zukunft geht es darum, Art und Anzahl der regenerativen Quellen zu erweitern. Die entsprechenden Technologien umfassen zum Beispiel nachhaltige Biokraftstoffe, die eine Konkurrenz mit dem Nahrungsmittelanbau vermeiden. Aufgrund des absehbar gro\u00dfen Bedarfs werden auch synthetische Energietr\u00e4ger aus gr\u00fcnem Wasserstoff und CO2 als Kohlenstoffquelle ben\u00f6tigt \u2013 also Power-to-X-Produkte wie etwa E-Fuels. An optimal geeigneten Standorten k\u00f6nnen vielerorts auf der Welt Windkraft- und Photovoltaikanlagen deutlich effektiver betrieben werden als in Deutschland. Und dieser g\u00fcnstigere Strom l\u00e4sst sich in Form von Crudes oder Kraftstoffen importieren. Der Aufbau einer solchen PtX-Wirtschaft im industriellen Ma\u00dfstab braucht jedoch noch Zeit und setzt voraus, dass jetzt die richtigen Weichen daf\u00fcr gestellt werden.<\/p>\n<p class=\"fqk44srj04fgyxc3g\"><strong>Dr. Annette Nietfeld: <\/strong>Zur\u00fcck zum Raffineriesektor \u2013 wie kommt der klimafreundliche Umbau voran?<\/p>\n<p class=\"fqk44srj04fgyxc3g\"><strong>Prof. Christian K\u00fcchen: <\/strong>An vielen Raffinerie-Standorten sind Projekte gestartet oder auch schon erste Anlagen in Betrieb genommen worden. Damit kann die Branche dazu beitragen, Schl\u00fcsseltechnologien, die auch f\u00fcr andere Industrien f\u00fcr die Transformation zur Klimaneutralit\u00e4t erforderlich sind, voranzubringen. Dabei sind f\u00fcr unsere Branche vor allem die Produktion und die Verwendung von treibhausgasneutralem Wasserstoff wie auch der zunehmende Ersatz von Roh\u00f6l etwa durch Biomasse oder Rest- und Abfallstoffe von gro\u00dfer Bedeutung.<\/p>\n<p class=\"fqk44srj04fgyxc3g\"><strong>Dr. Annette Nietfeld: <\/strong>Gibt es vorzeigbare Beispiele f\u00fcr die Treibhausgasreduzierung?<\/p>\n<p class=\"fqk44srj04fgyxc3g\"><strong>Prof. Christian K\u00fcchen: <\/strong>Seit drei Jahren l\u00e4uft eine 5-Megawatt-Elektrolyseanlage in der H&#038;R Raffinerie in Hamburg. Die Rheinland-Raffinerie von Shell baut einen Elektrolyseur zur Herstellung von gr\u00fcnem, das hei\u00dft klimafreundlichem Wasserstoff mit einer Leistung von 10 Megawatt. Die Heide-Raffinerie in Schleswig-Holstein ist Kern des Projekts Westk\u00fcste 100, dabei geht es um die Produktion von klimaneutralem Kerosin mit von \u00d6kostrom aus Windenergie f\u00fcr den Flughafen Hamburg. Und die BP-Raffinerie Lingen im Emsland plant mit der d\u00e4nischen \u00d8rsted und weiteren Unternehmen die Produktion von und ein \u00f6ffentliches Netz f\u00fcr gr\u00fcnen Wasserstoff mit einem 50-Megawatt-Elektrolyseur. Wir sind also auf einem guten Weg. Dazu kommen zahlreiche Projekte zum Einsatz von Biomasse sowie Rest- und Abfallstoffen in Raffinerien.<\/p>\n<p class=\"has-black-color has-text-color\"><a><strong>Dr. Annette Nietfeld: <\/strong><\/a>Im Flugverkehr gelten fl\u00fcssige Energietr\u00e4ger als kaum verzichtbar. Sie sehen den Einsatz neuer Brennstoffe aber auch in Geb\u00e4uden, Herr Willig?<\/p>\n<p class=\"fqk44srj04fgyxc3g\"><strong>Adrian Willig: <\/strong>Damit der Markthochlauf alternativer Kraft- und Brennstoffe gelingt, sollten Produktion und Einsatz anwendungsoffen sein. So erreichen wir die bei der Herstellung notwendigen Skalierungseffekte und bringen zugleich den Klimaschutz voran. Im W\u00e4rmemarkt haben wir derzeit 5,5 Millionen \u00d6lheizungen \u2013 ungef\u00e4hr drei Millionen abseits der Gas- und Fernw\u00e4rmenetze. Nicht jedes dieser Geb\u00e4ude kann einfach so auf andere Technologien umgestellt werden. Die Klimaziele k\u00f6nnen jedoch Schritt f\u00fcr Schritt ebenso und oftmals zu geringeren Kosten ohne Systemwechsel erreicht werden. Erm\u00f6glicht wird die Verbesserung des Klimaschutzes zun\u00e4chst durch Heizungsmodernisierungen mit Brennwerttechnik und Ma\u00dfnahmen an der Geb\u00e4udeh\u00fclle. Ein weiterer Schritt ist die direkte Einbindung erneuerbarer Energien in Form von Hybridheizungen. So l\u00e4sst sich der Brennstoffbedarf eines Geb\u00e4udes bereits betr\u00e4chtlich reduzieren. F\u00fcr die verbliebenen Mengen k\u00f6nnten dann k\u00fcnftig alternative Brennstoffe genutzt werden. Dass das auch praktisch umsetzbar ist, zeigen etliche Modellprojekte, die das IWO mit Erfolg zum Teil bereits seit Jahren initiiert und betreut.<\/p>\n<p class=\"fqk44srj04fgyxc3g\"><strong>Dr. Annette Nietfeld: <\/strong>Herr Prof, K\u00fcchen, die Bundesregierung hat j\u00fcngst das Gesetz f\u00fcr mehr Klimaschutz im Verkehr auf den Weg gebracht, Fachleuten bekannt als Umsetzung der Europ\u00e4ischen Richtlinie \u201eRED II\u201c. Mit Blick auf die Raffinerien \u2013 ist die Branche zufrieden?<\/p>\n<p class=\"fqk44srj04fgyxc3g\"><strong>Prof. Christian K\u00fcchen: <\/strong>Teilweise. Insgesamt signalisiert der von der Bundesregierung beschlossene Gesetzentwurf mit der gegen\u00fcber den ersten Entw\u00fcrfen deutlich angehobenen Treibhausgasminderungsverpflichtung bis 2030 f\u00fcr unsere Branche deutlich, dass neben der E-Mobilit\u00e4t auch alternative Kraftstoffe einen wichtigen Beitrag zur Zielerreichung leisten m\u00fcssen. Was fehlt, ist Klarheit, wie die ambitionierten Ziele im Detail erf\u00fcllt werden k\u00f6nnen. So fehlen zum Beispiel die Kriterien f\u00fcr den Strombezug f\u00fcr Elektrolyseure zur Herstellung gr\u00fcnen Wasserstoffs. Ohne diese Klarheit kann eine Planung der Investitionen nicht erfolgen. Dar\u00fcber hinaus werden einige Technologieoptionen wie die Mitverarbeitung von Biomasse in der Raffinerie, das sogenannte Co-Processing, oder auch die Nutzung von gr\u00fcnem Wasserstoff aus Biogas \u00fcberhaupt nicht anerkannt. Um es sehr deutlich zu machen: Wir werden allen Technologieoptionen brauchen, wenn man die ambitionierten Ziele erreichen will. Im Gesetzgebungsverfahren muss noch dringend nachgebessert werden.<\/p>\n<p class=\"fqk44srj04fgyxc3g\"><strong>Adrian Willig: <\/strong>Als Erg\u00e4nzung dazu: Grunds\u00e4tzlich sollten erneuerbare fl\u00fcssige Kraft- und Brennstoffe als Klimaschutzoption gleichberechtigt mit anderen L\u00f6sungen behandelt werden. Daher sollte zum Beispiel in der CO2-Flottenregulierung der EU Fahrzeuge, die CO2-neutrale Kraftstoffe nutzen, genauso behandelt werden wie E-Autos. Auf Bundesebene sollten Kraftstoffe k\u00fcnftig anhand ihrer Klimawirkung bewertet und die kraftstoffspezifischen CO2-Emissionen zur Bemessungsgrundlage bei der Besteuerung gemacht werden. Das w\u00e4re ein starker Hebel f\u00fcr einen Markthochlauf. Im Hinblick auf den W\u00e4rmemarkt sollten erneuerbare Fuels zudem als Erf\u00fcllungsoption in das Geb\u00e4udeenergiegesetz mit aufgenommen werden.<\/p>\n<\/div>\n<p><br class=\"clear\"\/>\n\t    <\/div>\n<\/p><\/div>\n<\/div>\n<p><!-- End each blog post -->\n    \t<\/div>\n<div class=\"sidebar_wrapper\">\n<div class=\"sidebar_top\"><\/div>\n<div class=\"sidebar\">\n<div class=\"content\">\n    \t\t\t\t<\/div>\n<\/p><\/div>\n<p>    \t\t\t<br class=\"clear\"\/><\/p>\n<div class=\"sidebar_bottom\"><\/div>\n<\/p><\/div>\n<\/p><\/div>\n<p>    <!-- End main content -->\n<\/div>\n<p><br class=\"clear\"\/><br class=\"fqk44srj04fgyxc3g\"\/>\n<\/div>\n","protected":false},"excerpt":{"rendered":"<p>\u201eMehr Klimaschutz mit alternativen Kraft- und Brennstoffen\u201c 11. Februar 2021 \u2022 0&nbsp;Kommentar Interview mit Prof. Christian K\u00fcchen (Hauptgesch\u00e4ftsf\u00fchrer des Mineral\u00f6lwirtschaftsverbandes MWV) und Adrian Willig (Gesch\u00e4ftsf\u00fchrer des Instituts f\u00fcr W\u00e4rme und Mobilit\u00e4t IWO) Dr. Annette Nietfeld: Herr Professor K\u00fcchen, mit Corona [&hellip;]<\/p>\n","protected":false},"author":1,"featured_media":0,"parent":0,"menu_order":46,"comment_status":"closed","ping_status":"closed","template":"template_3.php","meta":{"_acf_changed":false,"footnotes":""},"class_list":["post-1680","page","type-page","status-publish","hentry"],"acf":[],"yoast_head":"<!-- This site is optimized with the Yoast SEO plugin v24.0 - https:\/\/yoast.com\/wordpress\/plugins\/seo\/ -->\n<title>\u201eMehr Klimaschutz mit alternativen Kraft- und Brennstoffen\u201c - ENERGIE.CROSS.MEDIAL<\/title>\n<meta name=\"robots\" content=\"index, follow, max-snippet:-1, max-image-preview:large, max-video-preview:-1\" \/>\n<link rel=\"canonical\" href=\"https:\/\/www.energiecrossmedial.de\/index.php\/mehr-klimaschutz-mit-alternativen-kraft-und-brennstoffen\/\" \/>\n<meta property=\"og:locale\" content=\"de_DE\" \/>\n<meta property=\"og:type\" content=\"article\" \/>\n<meta property=\"og:title\" content=\"\u201eMehr Klimaschutz mit alternativen Kraft- und Brennstoffen\u201c - ENERGIE.CROSS.MEDIAL\" \/>\n<meta property=\"og:description\" content=\"\u201eMehr Klimaschutz mit alternativen Kraft- und Brennstoffen\u201c 11. Februar 2021 \u2022 0&nbsp;Kommentar Interview mit Prof. Christian K\u00fcchen (Hauptgesch\u00e4ftsf\u00fchrer des Mineral\u00f6lwirtschaftsverbandes MWV) und Adrian Willig (Gesch\u00e4ftsf\u00fchrer des Instituts f\u00fcr W\u00e4rme und Mobilit\u00e4t IWO) Dr. Annette Nietfeld: Herr Professor K\u00fcchen, mit Corona [&hellip;]\" \/>\n<meta property=\"og:url\" content=\"https:\/\/www.energiecrossmedial.de\/index.php\/mehr-klimaschutz-mit-alternativen-kraft-und-brennstoffen\/\" \/>\n<meta property=\"og:site_name\" content=\"ENERGIE.CROSS.MEDIAL\" \/>\n<meta name=\"twitter:card\" content=\"summary_large_image\" \/>\n<meta name=\"twitter:site\" content=\"@EnergieXMedial\" \/>\n<meta name=\"twitter:label1\" content=\"Gesch\u00e4tzte Lesezeit\" \/>\n\t<meta name=\"twitter:data1\" content=\"6\u00a0Minuten\" \/>\n<script type=\"application\/ld+json\" class=\"yoast-schema-graph\">{\"@context\":\"https:\/\/schema.org\",\"@graph\":[{\"@type\":\"WebPage\",\"@id\":\"https:\/\/www.energiecrossmedial.de\/index.php\/mehr-klimaschutz-mit-alternativen-kraft-und-brennstoffen\/\",\"url\":\"https:\/\/www.energiecrossmedial.de\/index.php\/mehr-klimaschutz-mit-alternativen-kraft-und-brennstoffen\/\",\"name\":\"\u201eMehr Klimaschutz mit alternativen Kraft- und Brennstoffen\u201c - ENERGIE.CROSS.MEDIAL\",\"isPartOf\":{\"@id\":\"https:\/\/www.energiecrossmedial.de\/#website\"},\"datePublished\":\"2021-09-20T12:20:10+00:00\",\"dateModified\":\"2021-09-20T12:20:10+00:00\",\"breadcrumb\":{\"@id\":\"https:\/\/www.energiecrossmedial.de\/index.php\/mehr-klimaschutz-mit-alternativen-kraft-und-brennstoffen\/#breadcrumb\"},\"inLanguage\":\"de\",\"potentialAction\":[{\"@type\":\"ReadAction\",\"target\":[\"https:\/\/www.energiecrossmedial.de\/index.php\/mehr-klimaschutz-mit-alternativen-kraft-und-brennstoffen\/\"]}]},{\"@type\":\"BreadcrumbList\",\"@id\":\"https:\/\/www.energiecrossmedial.de\/index.php\/mehr-klimaschutz-mit-alternativen-kraft-und-brennstoffen\/#breadcrumb\",\"itemListElement\":[{\"@type\":\"ListItem\",\"position\":1,\"name\":\"Startseite\",\"item\":\"https:\/\/www.energiecrossmedial.de\/\"},{\"@type\":\"ListItem\",\"position\":2,\"name\":\"\u201eMehr Klimaschutz mit alternativen Kraft- und Brennstoffen\u201c\"}]},{\"@type\":\"WebSite\",\"@id\":\"https:\/\/www.energiecrossmedial.de\/#website\",\"url\":\"https:\/\/www.energiecrossmedial.de\/\",\"name\":\"ENERGIE.CROSS.MEDIAL - das forum der energiewende\",\"description\":\"das forum der energiewende\",\"publisher\":{\"@id\":\"https:\/\/www.energiecrossmedial.de\/#organization\"},\"potentialAction\":[{\"@type\":\"SearchAction\",\"target\":{\"@type\":\"EntryPoint\",\"urlTemplate\":\"https:\/\/www.energiecrossmedial.de\/?s={search_term_string}\"},\"query-input\":{\"@type\":\"PropertyValueSpecification\",\"valueRequired\":true,\"valueName\":\"search_term_string\"}}],\"inLanguage\":\"de\"},{\"@type\":\"Organization\",\"@id\":\"https:\/\/www.energiecrossmedial.de\/#organization\",\"name\":\"ENERGIE.CROSS.MEDIAL - das forum der energiewende\",\"url\":\"https:\/\/www.energiecrossmedial.de\/\",\"logo\":{\"@type\":\"ImageObject\",\"inLanguage\":\"de\",\"@id\":\"https:\/\/www.energiecrossmedial.de\/#\/schema\/logo\/image\/\",\"url\":\"https:\/\/www.energiecrossmedial.de\/wp-content\/uploads\/2023\/09\/cropped-Website_Icon.png\",\"contentUrl\":\"https:\/\/www.energiecrossmedial.de\/wp-content\/uploads\/2023\/09\/cropped-Website_Icon.png\",\"width\":512,\"height\":512,\"caption\":\"ENERGIE.CROSS.MEDIAL - das forum der energiewende\"},\"image\":{\"@id\":\"https:\/\/www.energiecrossmedial.de\/#\/schema\/logo\/image\/\"},\"sameAs\":[\"https:\/\/x.com\/EnergieXMedial\",\"https:\/\/www.linkedin.com\/company\/zukunftsenergien\/\"]}]}<\/script>\n<!-- \/ Yoast SEO plugin. -->","yoast_head_json":{"title":"\u201eMehr Klimaschutz mit alternativen Kraft- und Brennstoffen\u201c - ENERGIE.CROSS.MEDIAL","robots":{"index":"index","follow":"follow","max-snippet":"max-snippet:-1","max-image-preview":"max-image-preview:large","max-video-preview":"max-video-preview:-1"},"canonical":"https:\/\/www.energiecrossmedial.de\/index.php\/mehr-klimaschutz-mit-alternativen-kraft-und-brennstoffen\/","og_locale":"de_DE","og_type":"article","og_title":"\u201eMehr Klimaschutz mit alternativen Kraft- und Brennstoffen\u201c - ENERGIE.CROSS.MEDIAL","og_description":"\u201eMehr Klimaschutz mit alternativen Kraft- und Brennstoffen\u201c 11. Februar 2021 \u2022 0&nbsp;Kommentar Interview mit Prof. Christian K\u00fcchen (Hauptgesch\u00e4ftsf\u00fchrer des Mineral\u00f6lwirtschaftsverbandes MWV) und Adrian Willig (Gesch\u00e4ftsf\u00fchrer des Instituts f\u00fcr W\u00e4rme und Mobilit\u00e4t IWO) Dr. Annette Nietfeld: Herr Professor K\u00fcchen, mit Corona [&hellip;]","og_url":"https:\/\/www.energiecrossmedial.de\/index.php\/mehr-klimaschutz-mit-alternativen-kraft-und-brennstoffen\/","og_site_name":"ENERGIE.CROSS.MEDIAL","twitter_card":"summary_large_image","twitter_site":"@EnergieXMedial","twitter_misc":{"Gesch\u00e4tzte Lesezeit":"6\u00a0Minuten"},"schema":{"@context":"https:\/\/schema.org","@graph":[{"@type":"WebPage","@id":"https:\/\/www.energiecrossmedial.de\/index.php\/mehr-klimaschutz-mit-alternativen-kraft-und-brennstoffen\/","url":"https:\/\/www.energiecrossmedial.de\/index.php\/mehr-klimaschutz-mit-alternativen-kraft-und-brennstoffen\/","name":"\u201eMehr Klimaschutz mit alternativen Kraft- und Brennstoffen\u201c - ENERGIE.CROSS.MEDIAL","isPartOf":{"@id":"https:\/\/www.energiecrossmedial.de\/#website"},"datePublished":"2021-09-20T12:20:10+00:00","dateModified":"2021-09-20T12:20:10+00:00","breadcrumb":{"@id":"https:\/\/www.energiecrossmedial.de\/index.php\/mehr-klimaschutz-mit-alternativen-kraft-und-brennstoffen\/#breadcrumb"},"inLanguage":"de","potentialAction":[{"@type":"ReadAction","target":["https:\/\/www.energiecrossmedial.de\/index.php\/mehr-klimaschutz-mit-alternativen-kraft-und-brennstoffen\/"]}]},{"@type":"BreadcrumbList","@id":"https:\/\/www.energiecrossmedial.de\/index.php\/mehr-klimaschutz-mit-alternativen-kraft-und-brennstoffen\/#breadcrumb","itemListElement":[{"@type":"ListItem","position":1,"name":"Startseite","item":"https:\/\/www.energiecrossmedial.de\/"},{"@type":"ListItem","position":2,"name":"\u201eMehr Klimaschutz mit alternativen Kraft- und Brennstoffen\u201c"}]},{"@type":"WebSite","@id":"https:\/\/www.energiecrossmedial.de\/#website","url":"https:\/\/www.energiecrossmedial.de\/","name":"ENERGIE.CROSS.MEDIAL - das forum der energiewende","description":"das forum der energiewende","publisher":{"@id":"https:\/\/www.energiecrossmedial.de\/#organization"},"potentialAction":[{"@type":"SearchAction","target":{"@type":"EntryPoint","urlTemplate":"https:\/\/www.energiecrossmedial.de\/?s={search_term_string}"},"query-input":{"@type":"PropertyValueSpecification","valueRequired":true,"valueName":"search_term_string"}}],"inLanguage":"de"},{"@type":"Organization","@id":"https:\/\/www.energiecrossmedial.de\/#organization","name":"ENERGIE.CROSS.MEDIAL - das forum der energiewende","url":"https:\/\/www.energiecrossmedial.de\/","logo":{"@type":"ImageObject","inLanguage":"de","@id":"https:\/\/www.energiecrossmedial.de\/#\/schema\/logo\/image\/","url":"https:\/\/www.energiecrossmedial.de\/wp-content\/uploads\/2023\/09\/cropped-Website_Icon.png","contentUrl":"https:\/\/www.energiecrossmedial.de\/wp-content\/uploads\/2023\/09\/cropped-Website_Icon.png","width":512,"height":512,"caption":"ENERGIE.CROSS.MEDIAL - das forum der energiewende"},"image":{"@id":"https:\/\/www.energiecrossmedial.de\/#\/schema\/logo\/image\/"},"sameAs":["https:\/\/x.com\/EnergieXMedial","https:\/\/www.linkedin.com\/company\/zukunftsenergien\/"]}]}},"jetpack_sharing_enabled":true,"_links":{"self":[{"href":"https:\/\/www.energiecrossmedial.de\/index.php\/wp-json\/wp\/v2\/pages\/1680","targetHints":{"allow":["GET"]}}],"collection":[{"href":"https:\/\/www.energiecrossmedial.de\/index.php\/wp-json\/wp\/v2\/pages"}],"about":[{"href":"https:\/\/www.energiecrossmedial.de\/index.php\/wp-json\/wp\/v2\/types\/page"}],"author":[{"embeddable":true,"href":"https:\/\/www.energiecrossmedial.de\/index.php\/wp-json\/wp\/v2\/users\/1"}],"replies":[{"embeddable":true,"href":"https:\/\/www.energiecrossmedial.de\/index.php\/wp-json\/wp\/v2\/comments?post=1680"}],"version-history":[{"count":0,"href":"https:\/\/www.energiecrossmedial.de\/index.php\/wp-json\/wp\/v2\/pages\/1680\/revisions"}],"wp:attachment":[{"href":"https:\/\/www.energiecrossmedial.de\/index.php\/wp-json\/wp\/v2\/media?parent=1680"}],"curies":[{"name":"wp","href":"https:\/\/api.w.org\/{rel}","templated":true}]}}