{"id":2211,"date":"2021-12-10T12:22:58","date_gmt":"2021-12-10T11:22:58","guid":{"rendered":"https:\/\/www.energiecrossmedial.de\/?page_id=2211"},"modified":"2021-12-10T12:39:30","modified_gmt":"2021-12-10T11:39:30","slug":"referenten-2022","status":"publish","type":"page","link":"https:\/\/www.energiecrossmedial.de\/index.php\/referenten-2022\/","title":{"rendered":"Referenten 2022"},"content":{"rendered":"<div  class=\"ppb_speaker_grid one nopadding \" >\n<div class=\"page_content_wrapper page_main_content sidebar_content full_width fixed_column\">\n<div id=\"16391363701270016825\" data-columns=\"4\">\n<div class=\"element grid one_fourth_bg\"><a class=\"speaker_grid_link\" href=\"https:\/\/www.energiecrossmedial.de\/index.php\/speaker\/nn-tbc\/\"><img decoding=\"async\" src=\"http:\/\/www.energiecrossmedial.de\/wp-content\/uploads\/2021\/11\/blind_portrait_ohne_text-500x500.png\" alt=\"NN [tbc]\" class=\"bw\"\/><\/p>\n<div class=\"speaker_info_wrapper\">\n<h4>NN [tbc]<\/h4>\n<\/div>\n<p><\/a><\/div>\n<div class=\"element grid one_fourth_bg\"><a class=\"speaker_grid_link\" href=\"https:\/\/www.energiecrossmedial.de\/index.php\/speaker\/prof-dr-klaus-dieter-maubach-tbc\/\"><img decoding=\"async\" src=\"http:\/\/www.energiecrossmedial.de\/wp-content\/uploads\/2021\/11\/blind_portrait_ohne_text-500x500.png\" alt=\"Prof. Dr. Klaus-Dieter Maubach, [tbc]\" class=\"bw\"\/><\/p>\n<div class=\"speaker_info_wrapper\">\n<h4>Prof. Dr. Klaus-Dieter Maubach, [tbc]<\/h4>\n<div class=\"speaker_desc\"> Vorstandsvorsitzender, Uniper<\/div>\n<\/div>\n<p><\/a><\/div>\n<div class=\"element grid one_fourth_bg\"><a class=\"speaker_grid_link\" href=\"https:\/\/www.energiecrossmedial.de\/index.php\/speaker\/dr-fatih-birol-tbc\/\"><img decoding=\"async\" src=\"http:\/\/www.energiecrossmedial.de\/wp-content\/uploads\/2021\/11\/blind_portrait_ohne_text-500x500.png\" alt=\"Dr. Fatih Birol, [tbc]\" class=\"bw\"\/><\/p>\n<div class=\"speaker_info_wrapper\">\n<h4>Dr. Fatih Birol, [tbc]<\/h4>\n<div class=\"speaker_desc\">Executive Director, Internationale Energieagentur<\/div>\n<\/div>\n<p><\/a><\/div>\n<p><br class=\"clear\"\/><\/p>\n<div class=\"element grid one_fourth_bg\"><a class=\"speaker_grid_link\" href=\"https:\/\/www.energiecrossmedial.de\/index.php\/speaker\/katja-wuenschel-tbc\/\"><img decoding=\"async\" src=\"http:\/\/www.energiecrossmedial.de\/wp-content\/uploads\/2021\/11\/blind_portrait_ohne_text-500x500.png\" alt=\"Katja W\u00fcnschel, [tbc]\" class=\"bw\"\/><\/p>\n<div class=\"speaker_info_wrapper\">\n<h4>Katja W\u00fcnschel, [tbc]<\/h4>\n<div class=\"speaker_desc\">COO Wind Onshore &amp; PV Europe &amp; APAC, RWE Renewables<\/div>\n<\/div>\n<p><\/a><\/div>\n<div class=\"element grid one_fourth_bg\"><a class=\"speaker_grid_link\" href=\"https:\/\/www.energiecrossmedial.de\/index.php\/speaker\/mechthild-woersdoerfer-tbc\/\"><img decoding=\"async\" src=\"http:\/\/www.energiecrossmedial.de\/wp-content\/uploads\/2021\/11\/blind_portrait_ohne_text-500x500.png\" alt=\"Mechthild W\u00f6rsd\u00f6rfer, [tbc]\" class=\"bw\"\/><\/p>\n<div class=\"speaker_info_wrapper\">\n<h4>Mechthild W\u00f6rsd\u00f6rfer, [tbc]<\/h4>\n<div class=\"speaker_desc\"> Principal Adviser, GD Energie, Europ\u00e4ischen Kommission<\/div>\n<\/div>\n<p><\/a><\/div>\n<div class=\"element grid one_fourth_bg\"><a class=\"speaker_grid_link\" href=\"https:\/\/www.energiecrossmedial.de\/index.php\/speaker\/claude-turmes-tbc\/\"><img decoding=\"async\" src=\"http:\/\/www.energiecrossmedial.de\/wp-content\/uploads\/2021\/11\/blind_portrait_ohne_text-500x500.png\" alt=\"Claude Turmes, [tbc]\" class=\"bw\"\/><\/p>\n<div class=\"speaker_info_wrapper\">\n<h4>Claude Turmes, [tbc]<\/h4>\n<div class=\"speaker_desc\">Minister f\u00fcr Energie und Raumentwicklung des Gro\u00dfherzogtum Luxemburg<\/div>\n<\/div>\n<p><\/a><\/div>\n<div class=\"element grid one_fourth_bg\"><a class=\"speaker_grid_link\" href=\"https:\/\/www.energiecrossmedial.de\/index.php\/speaker\/rudi-und-rudi\/\"><img decoding=\"async\" src=\"http:\/\/www.energiecrossmedial.de\/wp-content\/uploads\/2021\/11\/blind_portrait_ohne_text-500x500.png\" alt=\"Rudi und Rudi\" class=\"bw\"\/><\/p>\n<div class=\"speaker_info_wrapper\">\n<h4>Rudi und Rudi<\/h4>\n<div class=\"speaker_desc\">Politisches Kabarett<\/div>\n<\/div>\n<p><\/a><\/div>\n<p><br class=\"clear\"\/><\/p>\n<div class=\"element grid one_fourth_bg\"><a class=\"speaker_grid_link\" href=\"https:\/\/www.energiecrossmedial.de\/index.php\/speaker\/florian-ermacora-tbc\/\"><img decoding=\"async\" src=\"http:\/\/www.energiecrossmedial.de\/wp-content\/uploads\/2021\/11\/blind_portrait_ohne_text-500x500.png\" alt=\"Florian Ermacora, [tbc]\" class=\"bw\"\/><\/p>\n<div class=\"speaker_info_wrapper\">\n<h4>Florian Ermacora, [tbc]<\/h4>\n<div class=\"speaker_desc\"> Referatsleiter Nachbarschaftspolitik und internationale Beziehungen, GD Energie, Europ\u00e4ische Kommission<\/div>\n<\/div>\n<p><\/a><\/div>\n<div class=\"element grid one_fourth_bg\"><a class=\"speaker_grid_link\" href=\"https:\/\/www.energiecrossmedial.de\/index.php\/speaker\/nn-2\/\"><img decoding=\"async\" src=\"http:\/\/www.energiecrossmedial.de\/wp-content\/uploads\/2021\/11\/blind_portrait_ohne_text-500x500.png\" alt=\"NN\" class=\"bw\"\/><\/p>\n<div class=\"speaker_info_wrapper\">\n<h4>NN<\/h4>\n<div class=\"speaker_desc\">Evonik Industries AG<\/div>\n<\/div>\n<p><\/a><\/div>\n<div class=\"element grid one_fourth_bg\"><a class=\"speaker_grid_link\" href=\"https:\/\/www.energiecrossmedial.de\/index.php\/speaker\/nn\/\"><img decoding=\"async\" src=\"http:\/\/www.energiecrossmedial.de\/wp-content\/uploads\/2021\/11\/blind_portrait_ohne_text-500x500.png\" alt=\"NN\" class=\"bw\"\/><\/p>\n<div class=\"speaker_info_wrapper\">\n<h4>NN<\/h4>\n<div class=\"speaker_desc\">BMBF<\/div>\n<\/div>\n<p><\/a><\/div>\n<div class=\"element grid one_fourth_bg\"><a class=\"speaker_grid_link\" href=\"https:\/\/www.energiecrossmedial.de\/index.php\/speaker\/dr-harald-schwager-tbc\/\"><img decoding=\"async\" src=\"http:\/\/www.energiecrossmedial.de\/wp-content\/uploads\/2021\/11\/blind_portrait_ohne_text-500x500.png\" alt=\"Dr. Harald Schwager, (tbc)\" class=\"bw\"\/><\/p>\n<div class=\"speaker_info_wrapper\">\n<h4>Dr. Harald Schwager, (tbc)<\/h4>\n<div class=\"speaker_desc\">stellvertretender Vorsitzender des Vorstandes; Evonik Industries AG<\/div>\n<\/div>\n<p><\/a><\/div>\n<p><br class=\"clear\"\/><\/div>\n<\/div>\n<\/div>\n","protected":false},"excerpt":{"rendered":"<p>NN [tbc] Prof. Dr. Klaus-Dieter Maubach, [tbc] Vorstandsvorsitzender, Uniper Dr. Fatih Birol, [tbc] Executive Director, Internationale Energieagentur Katja W\u00fcnschel, [tbc] COO Wind Onshore &amp; PV Europe &amp; APAC, RWE Renewables Mechthild W\u00f6rsd\u00f6rfer, [tbc] Principal Adviser, GD Energie, Europ\u00e4ischen Kommission Claude [&hellip;]<\/p>\n","protected":false},"author":1,"featured_media":0,"parent":0,"menu_order":2,"comment_status":"closed","ping_status":"closed","template":"","meta":{"_acf_changed":false,"footnotes":""},"class_list":["post-2211","page","type-page","status-publish","hentry"],"acf":[],"yoast_head":"<!-- This site is optimized with the Yoast SEO plugin v24.0 - https:\/\/yoast.com\/wordpress\/plugins\/seo\/ -->\n<title>Referenten 2022 - ENERGIE.CROSS.MEDIAL<\/title>\n<meta name=\"robots\" content=\"index, follow, max-snippet:-1, max-image-preview:large, max-video-preview:-1\" \/>\n<link rel=\"canonical\" href=\"https:\/\/www.energiecrossmedial.de\/index.php\/referenten-2022\/\" \/>\n<meta property=\"og:locale\" content=\"de_DE\" \/>\n<meta property=\"og:type\" content=\"article\" \/>\n<meta property=\"og:title\" content=\"Referenten 2022 - ENERGIE.CROSS.MEDIAL\" \/>\n<meta property=\"og:description\" content=\"NN [tbc] Prof. Dr. Klaus-Dieter Maubach, [tbc] Vorstandsvorsitzender, Uniper Dr. Fatih Birol, [tbc] Executive Director, Internationale Energieagentur Katja W\u00fcnschel, [tbc] COO Wind Onshore &amp; PV Europe &amp; APAC, RWE Renewables Mechthild W\u00f6rsd\u00f6rfer, [tbc] Principal Adviser, GD Energie, Europ\u00e4ischen Kommission Claude [&hellip;]\" \/>\n<meta property=\"og:url\" content=\"https:\/\/www.energiecrossmedial.de\/index.php\/referenten-2022\/\" \/>\n<meta property=\"og:site_name\" content=\"ENERGIE.CROSS.MEDIAL\" \/>\n<meta property=\"article:modified_time\" content=\"2021-12-10T11:39:30+00:00\" \/>\n<meta property=\"og:image\" content=\"http:\/\/www.energiecrossmedial.de\/wp-content\/uploads\/2021\/11\/blind_portrait_ohne_text-500x500.png\" \/>\n<meta name=\"twitter:card\" content=\"summary_large_image\" \/>\n<meta name=\"twitter:site\" content=\"@EnergieXMedial\" \/>\n<script type=\"application\/ld+json\" class=\"yoast-schema-graph\">{\"@context\":\"https:\/\/schema.org\",\"@graph\":[{\"@type\":\"WebPage\",\"@id\":\"https:\/\/www.energiecrossmedial.de\/index.php\/referenten-2022\/\",\"url\":\"https:\/\/www.energiecrossmedial.de\/index.php\/referenten-2022\/\",\"name\":\"Referenten 2022 - ENERGIE.CROSS.MEDIAL\",\"isPartOf\":{\"@id\":\"https:\/\/www.energiecrossmedial.de\/#website\"},\"primaryImageOfPage\":{\"@id\":\"https:\/\/www.energiecrossmedial.de\/index.php\/referenten-2022\/#primaryimage\"},\"image\":{\"@id\":\"https:\/\/www.energiecrossmedial.de\/index.php\/referenten-2022\/#primaryimage\"},\"thumbnailUrl\":\"http:\/\/www.energiecrossmedial.de\/wp-content\/uploads\/2021\/11\/blind_portrait_ohne_text-500x500.png\",\"datePublished\":\"2021-12-10T11:22:58+00:00\",\"dateModified\":\"2021-12-10T11:39:30+00:00\",\"breadcrumb\":{\"@id\":\"https:\/\/www.energiecrossmedial.de\/index.php\/referenten-2022\/#breadcrumb\"},\"inLanguage\":\"de\",\"potentialAction\":[{\"@type\":\"ReadAction\",\"target\":[\"https:\/\/www.energiecrossmedial.de\/index.php\/referenten-2022\/\"]}]},{\"@type\":\"ImageObject\",\"inLanguage\":\"de\",\"@id\":\"https:\/\/www.energiecrossmedial.de\/index.php\/referenten-2022\/#primaryimage\",\"url\":\"http:\/\/www.energiecrossmedial.de\/wp-content\/uploads\/2021\/11\/blind_portrait_ohne_text-500x500.png\",\"contentUrl\":\"http:\/\/www.energiecrossmedial.de\/wp-content\/uploads\/2021\/11\/blind_portrait_ohne_text-500x500.png\"},{\"@type\":\"BreadcrumbList\",\"@id\":\"https:\/\/www.energiecrossmedial.de\/index.php\/referenten-2022\/#breadcrumb\",\"itemListElement\":[{\"@type\":\"ListItem\",\"position\":1,\"name\":\"Startseite\",\"item\":\"https:\/\/www.energiecrossmedial.de\/\"},{\"@type\":\"ListItem\",\"position\":2,\"name\":\"Referenten 2022\"}]},{\"@type\":\"WebSite\",\"@id\":\"https:\/\/www.energiecrossmedial.de\/#website\",\"url\":\"https:\/\/www.energiecrossmedial.de\/\",\"name\":\"ENERGIE.CROSS.MEDIAL - das forum der energiewende\",\"description\":\"das forum der energiewende\",\"publisher\":{\"@id\":\"https:\/\/www.energiecrossmedial.de\/#organization\"},\"potentialAction\":[{\"@type\":\"SearchAction\",\"target\":{\"@type\":\"EntryPoint\",\"urlTemplate\":\"https:\/\/www.energiecrossmedial.de\/?s={search_term_string}\"},\"query-input\":{\"@type\":\"PropertyValueSpecification\",\"valueRequired\":true,\"valueName\":\"search_term_string\"}}],\"inLanguage\":\"de\"},{\"@type\":\"Organization\",\"@id\":\"https:\/\/www.energiecrossmedial.de\/#organization\",\"name\":\"ENERGIE.CROSS.MEDIAL - das forum der energiewende\",\"url\":\"https:\/\/www.energiecrossmedial.de\/\",\"logo\":{\"@type\":\"ImageObject\",\"inLanguage\":\"de\",\"@id\":\"https:\/\/www.energiecrossmedial.de\/#\/schema\/logo\/image\/\",\"url\":\"https:\/\/www.energiecrossmedial.de\/wp-content\/uploads\/2023\/09\/cropped-Website_Icon.png\",\"contentUrl\":\"https:\/\/www.energiecrossmedial.de\/wp-content\/uploads\/2023\/09\/cropped-Website_Icon.png\",\"width\":512,\"height\":512,\"caption\":\"ENERGIE.CROSS.MEDIAL - das forum der energiewende\"},\"image\":{\"@id\":\"https:\/\/www.energiecrossmedial.de\/#\/schema\/logo\/image\/\"},\"sameAs\":[\"https:\/\/x.com\/EnergieXMedial\",\"https:\/\/www.linkedin.com\/company\/zukunftsenergien\/\"]}]}<\/script>\n<!-- \/ Yoast SEO plugin. -->","yoast_head_json":{"title":"Referenten 2022 - ENERGIE.CROSS.MEDIAL","robots":{"index":"index","follow":"follow","max-snippet":"max-snippet:-1","max-image-preview":"max-image-preview:large","max-video-preview":"max-video-preview:-1"},"canonical":"https:\/\/www.energiecrossmedial.de\/index.php\/referenten-2022\/","og_locale":"de_DE","og_type":"article","og_title":"Referenten 2022 - ENERGIE.CROSS.MEDIAL","og_description":"NN [tbc] Prof. Dr. Klaus-Dieter Maubach, [tbc] Vorstandsvorsitzender, Uniper Dr. Fatih Birol, [tbc] Executive Director, Internationale Energieagentur Katja W\u00fcnschel, [tbc] COO Wind Onshore &amp; PV Europe &amp; APAC, RWE Renewables Mechthild W\u00f6rsd\u00f6rfer, [tbc] Principal Adviser, GD Energie, Europ\u00e4ischen Kommission Claude [&hellip;]","og_url":"https:\/\/www.energiecrossmedial.de\/index.php\/referenten-2022\/","og_site_name":"ENERGIE.CROSS.MEDIAL","article_modified_time":"2021-12-10T11:39:30+00:00","og_image":[{"url":"http:\/\/www.energiecrossmedial.de\/wp-content\/uploads\/2021\/11\/blind_portrait_ohne_text-500x500.png","type":"","width":"","height":""}],"twitter_card":"summary_large_image","twitter_site":"@EnergieXMedial","schema":{"@context":"https:\/\/schema.org","@graph":[{"@type":"WebPage","@id":"https:\/\/www.energiecrossmedial.de\/index.php\/referenten-2022\/","url":"https:\/\/www.energiecrossmedial.de\/index.php\/referenten-2022\/","name":"Referenten 2022 - ENERGIE.CROSS.MEDIAL","isPartOf":{"@id":"https:\/\/www.energiecrossmedial.de\/#website"},"primaryImageOfPage":{"@id":"https:\/\/www.energiecrossmedial.de\/index.php\/referenten-2022\/#primaryimage"},"image":{"@id":"https:\/\/www.energiecrossmedial.de\/index.php\/referenten-2022\/#primaryimage"},"thumbnailUrl":"http:\/\/www.energiecrossmedial.de\/wp-content\/uploads\/2021\/11\/blind_portrait_ohne_text-500x500.png","datePublished":"2021-12-10T11:22:58+00:00","dateModified":"2021-12-10T11:39:30+00:00","breadcrumb":{"@id":"https:\/\/www.energiecrossmedial.de\/index.php\/referenten-2022\/#breadcrumb"},"inLanguage":"de","potentialAction":[{"@type":"ReadAction","target":["https:\/\/www.energiecrossmedial.de\/index.php\/referenten-2022\/"]}]},{"@type":"ImageObject","inLanguage":"de","@id":"https:\/\/www.energiecrossmedial.de\/index.php\/referenten-2022\/#primaryimage","url":"http:\/\/www.energiecrossmedial.de\/wp-content\/uploads\/2021\/11\/blind_portrait_ohne_text-500x500.png","contentUrl":"http:\/\/www.energiecrossmedial.de\/wp-content\/uploads\/2021\/11\/blind_portrait_ohne_text-500x500.png"},{"@type":"BreadcrumbList","@id":"https:\/\/www.energiecrossmedial.de\/index.php\/referenten-2022\/#breadcrumb","itemListElement":[{"@type":"ListItem","position":1,"name":"Startseite","item":"https:\/\/www.energiecrossmedial.de\/"},{"@type":"ListItem","position":2,"name":"Referenten 2022"}]},{"@type":"WebSite","@id":"https:\/\/www.energiecrossmedial.de\/#website","url":"https:\/\/www.energiecrossmedial.de\/","name":"ENERGIE.CROSS.MEDIAL - das forum der energiewende","description":"das forum der energiewende","publisher":{"@id":"https:\/\/www.energiecrossmedial.de\/#organization"},"potentialAction":[{"@type":"SearchAction","target":{"@type":"EntryPoint","urlTemplate":"https:\/\/www.energiecrossmedial.de\/?s={search_term_string}"},"query-input":{"@type":"PropertyValueSpecification","valueRequired":true,"valueName":"search_term_string"}}],"inLanguage":"de"},{"@type":"Organization","@id":"https:\/\/www.energiecrossmedial.de\/#organization","name":"ENERGIE.CROSS.MEDIAL - das forum der energiewende","url":"https:\/\/www.energiecrossmedial.de\/","logo":{"@type":"ImageObject","inLanguage":"de","@id":"https:\/\/www.energiecrossmedial.de\/#\/schema\/logo\/image\/","url":"https:\/\/www.energiecrossmedial.de\/wp-content\/uploads\/2023\/09\/cropped-Website_Icon.png","contentUrl":"https:\/\/www.energiecrossmedial.de\/wp-content\/uploads\/2023\/09\/cropped-Website_Icon.png","width":512,"height":512,"caption":"ENERGIE.CROSS.MEDIAL - das forum der energiewende"},"image":{"@id":"https:\/\/www.energiecrossmedial.de\/#\/schema\/logo\/image\/"},"sameAs":["https:\/\/x.com\/EnergieXMedial","https:\/\/www.linkedin.com\/company\/zukunftsenergien\/"]}]}},"jetpack_sharing_enabled":true,"_links":{"self":[{"href":"https:\/\/www.energiecrossmedial.de\/index.php\/wp-json\/wp\/v2\/pages\/2211","targetHints":{"allow":["GET"]}}],"collection":[{"href":"https:\/\/www.energiecrossmedial.de\/index.php\/wp-json\/wp\/v2\/pages"}],"about":[{"href":"https:\/\/www.energiecrossmedial.de\/index.php\/wp-json\/wp\/v2\/types\/page"}],"author":[{"embeddable":true,"href":"https:\/\/www.energiecrossmedial.de\/index.php\/wp-json\/wp\/v2\/users\/1"}],"replies":[{"embeddable":true,"href":"https:\/\/www.energiecrossmedial.de\/index.php\/wp-json\/wp\/v2\/comments?post=2211"}],"version-history":[{"count":7,"href":"https:\/\/www.energiecrossmedial.de\/index.php\/wp-json\/wp\/v2\/pages\/2211\/revisions"}],"predecessor-version":[{"id":3550,"href":"https:\/\/www.energiecrossmedial.de\/index.php\/wp-json\/wp\/v2\/pages\/2211\/revisions\/3550"}],"wp:attachment":[{"href":"https:\/\/www.energiecrossmedial.de\/index.php\/wp-json\/wp\/v2\/media?parent=2211"}],"curies":[{"name":"wp","href":"https:\/\/api.w.org\/{rel}","templated":true}]}}