{"id":41,"date":"2021-09-20T12:20:10","date_gmt":"2021-09-20T12:20:10","guid":{"rendered":"http:\/\/localhost\/wordpress\/interviewschein\/"},"modified":"2021-09-20T12:20:10","modified_gmt":"2021-09-20T12:20:10","slug":"interviewschein","status":"publish","type":"page","link":"https:\/\/www.energiecrossmedial.de\/index.php\/interviewschein\/","title":{"rendered":"Interview mit Torsten Schein (DB Energie GmbH)"},"content":{"rendered":"<div id=\"page_caption\" class=\"\">\n<div class=\"page_title_wrapper\">\n<div class=\"standard_wrapper\">\n<div class=\"page_title_inner\">\n<div class=\"page_title_content\">\n<h1>  <\/h1>\n<\/p><\/div>\n<\/p><\/div>\n<\/p><\/div>\n<\/p><\/div>\n<\/div>\n<p><!-- Begin content --><\/p>\n<div id=\"page_content_wrapper\" class=\"\">\n<div class=\"inner\">\n    \t<!-- Begin main content --><\/p>\n<div class=\"inner_wrapper\">\n<div class=\"sidebar_content\">\n<!-- Begin each blog post --><\/p>\n<div id=\"post-2349\" class=\"post-2349 post type-post status-publish format-standard hentry category-interviews\">\n<div class=\"post_wrapper\">\n<div class=\"post_content_wrapper\">\n<h1>Interview mit Torsten Schein (DB Energie GmbH)<\/h1>\n<div class=\"post_detail single_post\">\n\t\t\t\t<span class=\"post_info_date\"><br \/>\n\t\t\t\t\t19. Februar 2020\t\t\t\t<\/span><br \/>\n\t\t\t\t<span class=\"post_info_comment\"><br \/>\n\t\t\t\t\t\u2022<br \/>\n\t\t\t\t\t0&nbsp;Kommentar\t\t\t\t<\/span>\n\t\t\t<\/div>\n<div class=\"pf-content\">\n<figure class=\"wp-block-image size-thumbnail\"><\/figure>\n<p class=\"fqk44srj04fgyxc3g\"> Torsten Schein, Vorsitzender der Gesch\u00e4ftsf\u00fchrung DB Energie GmbH und Mitglied des Vorstandes im Forum f\u00fcr Zukunftsenergien, mit Blick auf das Engagement der DB Energie im Rahmen von \u201eENERGIE.CROSS.MEDIAL 2020\u201c am 10. und 11. M\u00e4rz 2020   <\/p>\n<p><span id=\"more-2349\">&nbsp;<\/span><\/p>\n<p class=\"fqk44srj04fgyxc3g\"><strong>Dr. Annette Nietfeld: <\/strong><em>Wenn<br \/>\nes um die Energie- und Verkehrswende geht, kommt die Gesellschaft an der<br \/>\nDeutschen Bahn (DB) nicht vorbei. Auf der einen Seite soll mehr Verkehr von der<br \/>\nStra\u00dfe auf die Schiene verlagert werden und auf der anderen Seite hat sich der<br \/>\nKonzern das Ziel gesetzt, bis 2050 CO2-neutral zu sein. Die DB kann damit<br \/>\ngleich doppelt einen sichtbaren Beitrag zum Klimaschutz leisten, wenn die Energie-<br \/>\nund Verkehrswende miteinander in Einklang gebracht werden.<\/em><\/p>\n<p class=\"fqk44srj04fgyxc3g\"><em>Warum ist es bei der DB so wichtig, dass Energie-<br \/>\nund Verkehrswende Hand in Hand gehen?<\/em><\/p>\n<p class=\"fqk44srj04fgyxc3g\"><strong>Torsten Schein:<\/strong><strong>&nbsp; <\/strong><em>Die DB<br \/>\norientiert sich mit ihrer neuen Strategie \u201eStarke Schiene\u201c an den verkehrs- und<br \/>\nklimapolitischen Zielen des Bundes. Im Ergebnis wird dies eine Verdopplung der<br \/>\nReisendenzahlen im Schienenpersonenverkehr mit sich bringen. Hinzu kommen eine<br \/>\nErh\u00f6hung des Anteils der Schiene am G\u00fcterverkehr auf 25 Prozent sowie 30<br \/>\nProzent mehr Kapazit\u00e4t in der Infrastruktur. Und mit der Zielgr\u00f6\u00dfe 100 Prozent<br \/>\nAnteil erneuerbarer Energien hat sich die DB ein weiteres ambitioniertes Ziel<br \/>\ngesetzt.<\/em><\/p>\n<p class=\"fqk44srj04fgyxc3g\"><em>Die DB ist bereits heute der gr\u00f6\u00dfte<br \/>\nEnergieverbraucher und Abnehmer von Gr\u00fcnstrom in Deutschland. Wenn nun im Zuge<br \/>\nder Verkehrswende mehr Personen und G\u00fcter auf der Schiene transportiert werden<br \/>\nsollen, so wird auch der Energiebedarf weiter zunehmen. Um eine sichere<br \/>\nEnergieversorgung zu gew\u00e4hrleisten, m\u00fcssen diese beiden Bereiche eng miteinander<br \/>\nsynchronisiert werden. Hinzu kommt, dass eine Verkehrsverlagerung auf die<br \/>\nSchiene f\u00fcr den Klimaschutz nur dann einen effektiven Nutzen hat, wenn die<br \/>\nEnergie f\u00fcr den Zugbetrieb aus erneuerbaren Energiequellen stammt. Ganz im<br \/>\nSinne der Konferenz \u201eENERGIE.CROSS.MEDIAL 2020\u201c ist hier eine echte Konvergenz<br \/>\nder beiden Themen notwendig.<\/em><\/p>\n<p class=\"fqk44srj04fgyxc3g\"><strong>Dr. Annette Nietfeld<\/strong>: <em>Die DB hat sich zum Ziel gesetzt,<br \/>\nbis 2038 den Anteil von Erneuerbaren Energien am Bahnstrom f\u00fcr den elektrifizierten<br \/>\nSchienenverkehr auf 100 Prozent zu steigern. Dieser Zeitpunkt f\u00e4llt mit dem<br \/>\npolitisch gesetzten Zeitpunkt f\u00fcr das Ende der Kohleverstromung zusammen. Insofern<br \/>\npasst das gut zusammen. Aber wie deckt die DB dann zuk\u00fcnftig Ihren hohen Bedarf<br \/>\nan Erneuerbaren Energien?<\/em> <\/p>\n<p class=\"fqk44srj04fgyxc3g\"><strong>Torsten Schein: <\/strong><em>Die DB<br \/>\nEnergie wird konsequent den bereits begonnenen Weg fortsetzen und sich<br \/>\nschrittweise von den vorhandenen fossilen Kraftwerksvertr\u00e4gen trennen. Im Gegenzug<br \/>\nbauen wir ein breites &nbsp;Gr\u00fcnstromportfolio<br \/>\nauf, das uns je nach aktueller technologischer und wirtschaftlicher Situation<br \/>\nein flexibles Handeln erm\u00f6glicht. Wir nutzen insbesondere unterschiedlichste<br \/>\nBeschaffungswege und steigern unter anderem damit unsere Attraktivit\u00e4t als<br \/>\ngro\u00dfer Stromabnehmer. Neben den Instrumenten eines Handelsbezugs und direkten<br \/>\nbilateralen Vertr\u00e4gen (PPA) sind wir auch ganz neue Wege \u00fcber eine EU-weite<br \/>\nAusschreibung von Rahmenvertr\u00e4gen f\u00fcr die Belieferung mit Erneuerbaren Energien<br \/>\ngegangen. Wir sind \u00fcberzeugt, dass uns dieser Weg bis 2038 zum Ziel f\u00fchren<br \/>\nwird.<\/em><\/p>\n<p class=\"fqk44srj04fgyxc3g\"><strong>Dr. Annette Nietfeld<\/strong>: <em>K\u00f6nnen Sie dazu ein paar konkrete Beispiele nennen?<\/em><\/p>\n<p class=\"fqk44srj04fgyxc3g\"><strong>Torsten Schein:<\/strong><strong>&nbsp; <\/strong><em>Das<br \/>\nj\u00fcngste Beispiel ist der Abschluss eines Vertrages zur direkten Einspeisung von<br \/>\nSolarstrom in das Bahnstromnetz im schleswig<\/em><em>&#8211;<\/em><em>holsteinischen<br \/>\nWasbek. \u00dcber den neu errichteten Solarpark mit einer Leistung von 42 MW werden<br \/>\nwir zuk\u00fcnftig rund 38 GWh Gr\u00fcnstrom pro Jahr beziehen. Bereits in 2019 haben<br \/>\nwir einen Vertrag geschlossen, \u00fcber den der Offshore-Windpark \u201eNordsee Ost\u201c ab<br \/>\n2024 \u00fcber 5 Jahre mit rd. 80 GWh p.a. zur Deckung des Strombedarfs im<br \/>\nBahnstromnetz beitragen wird. Und nicht zu vergessen sind unsere bestehenden Liefervertr\u00e4ge<br \/>\nmit Laufwasserkraftwerken in Deutschland, die bereits heute einen wesentlichen<br \/>\nBeitrag zu dem Erneuerbaren Energien-Anteil von 60 Prozent in 2019 beitragen. <\/em><\/p>\n<p class=\"fqk44srj04fgyxc3g\"><strong>Dr. Annette Nietfeld:<\/strong><strong>&nbsp; <\/strong><em>Sie<br \/>\nhaben eben die Direkteinspeisung von Solarstrom in das Bahnstromnetz erw\u00e4hnt. Welche<br \/>\ntechnologischen Besonderheiten bei der Einspeisung von Erneuerbaren Energien<br \/>\nf\u00fcr den Bahnstrom gilt es zu ber\u00fccksichtigen?<\/em> <\/p>\n<p class=\"fqk44srj04fgyxc3g\"><strong>Torsten Schein:<\/strong><strong>&nbsp; <\/strong><em>Die bestehende<br \/>\nInfrastruktur des Bahnstromnetzes muss auf die zunehmend dezentrale Einspeisung<br \/>\nvon Erneuerbaren Energien ausgerichtet werden. Heute haben wir einige wenige<br \/>\ngro\u00dfe Kraftwerke, die das Bahnstromnetz versorgen. Zuk\u00fcnftig werden diese im<br \/>\nZuge der Erh\u00f6hung des EE-Anteils durch viele kleine Erzeugungsanlagen f\u00fcr Gr\u00fcnstrom<br \/>\nabgel\u00f6st werden. Hierf\u00fcr m\u00fcssen wir die entsprechenden technologischen<br \/>\nVoraussetzungen, z. B. mit zus\u00e4tzlichen Umrichtern, schaffen. Auch hier ist es<br \/>\nwichtig, dass wir technologisch flexibel bleiben und unterschiedliche<br \/>\nEinspeisungswege erm\u00f6glichen. Neben einer Direkteinspeisung in das<br \/>\nBahnstromnetz werden wir z. B. auch weiterhin den Weg \u00fcber die Einspeisung aus<br \/>\ndem \u00f6ffentlichen Netz gehen. Neben den flexiblen Beschaffungswegen tr\u00e4gt auch<br \/>\ndas dazu bei, dass wir den Kreis der potenziellen Gr\u00fcnstromlieferanten<br \/>\nm\u00f6glichst gro\u00df machen.<\/em><strong>&nbsp;<\/strong><\/p>\n<p class=\"fqk44srj04fgyxc3g\"><strong>Dr. Annette Nietfeld:<\/strong> <em>Der Einsatz<br \/>\nvon Wasserstoff wird von Politik und Wirtschaft in breitem Konsens als eine<br \/>\nSchl\u00fcsseltechnologie im Rahmen der Energiewende gesehen. Welche Rolle spielt<br \/>\nder Wasserstoff f\u00fcr die Energieversorgung bei der DB?<\/em> <\/p>\n<p class=\"fqk44srj04fgyxc3g\"><strong>Torsten Schein:<\/strong><strong>&nbsp; <\/strong><em>Mal<br \/>\nabgesehen davon, dass auch wir den Wasserstoff als eine wichtigen<br \/>\ntechnologischen Ansatz zur Speicherung von Erneuerbaren Energien (Stichwort<br \/>\nP-2-X) sehen, spielt er ganz konkret im Schienenverkehr eine zunehmende Rolle beim<br \/>\nErsatz von Dieselschienenfahrzeugen. Bislang sind in Deutschland nur knapp \u00fcber<br \/>\n60 Prozent des Schienennetzes durch Oberleitungen elektrifiziert. Auf den<br \/>\nelektrifizierten Strecken wird zwar rund 90 Prozent der Verkehrsleistung<br \/>\nerbracht, aber der SPNV wird in gro\u00dfen Teilen noch mit Dieselfahrzeugen<br \/>\nbetrieben. Da eine vollst\u00e4ndige Elektrifizierung des Streckennetzes erst in<br \/>\neinem sehr langen Zeithorizont realistisch umsetzbar und in vielen F\u00e4llen gar nicht<br \/>\nwirtschaftlich sinnvoll w\u00e4re, sind hier alternative Antriebstechnologien gefragt.<br \/>\nUnd Wasserstoffantriebe sind neben Batterieantrieben und synthetischem Diesel<br \/>\neine der technologischen L\u00f6sungen, die von den Fahrzeugherstellern und der DB<br \/>\nvorangetrieben werden. Wir als DB Energie entwickeln daf\u00fcr die ben\u00f6tigten<br \/>\nBetankungs- und Ladeinfrastrukturen und setzen diese zusammen mit DB Netz und<br \/>\nden Aufgabentr\u00e4gern des SPNV um. <\/em><\/p>\n<p class=\"fqk44srj04fgyxc3g\"><strong>Dr. Annette Nietfeld:<\/strong> <em>Was erwarten<br \/>\nSie von der zur Zeit in der Ressortabstimmung befindlichen Wasserstoffstrategie<br \/>\nder Bundesregierung?<\/em><\/p>\n<p class=\"fqk44srj04fgyxc3g\"><strong>Torsten Schein:<\/strong><strong>&nbsp; <\/strong><em>Vergleichbar<br \/>\nzur Frage nach der Beschaffung synthetischen Diesels wird auch die schnelle<br \/>\nVerf\u00fcgbarkeit von ausreichend gro\u00dfen Mengen an Wasserstoff ein kritischer<br \/>\nErfolgsfaktor sein. Die Wasserstoffstrategie kann und muss hier entsprechend<br \/>\nattraktive Rahmenbedingungen schaffen, um die notwendigen Impulse f\u00fcr die technologische<br \/>\nEntwicklung und Markteinf\u00fchrung zu schaffen. Die notwendigen regulatorischen<br \/>\nBedingungen f\u00fcr gr\u00fcnen Wasserstoff sind heute nicht gegeben. Nur wenn die Produktion<br \/>\nund der Einsatz von gr\u00fcnem Wasserstoff f\u00fcr alle Beteiligten wirtschaftlich sinnvoll<br \/>\nist, wird ein schneller Hochlauf realistisch sein.<\/em> &nbsp;<\/p>\n<p class=\"fqk44srj04fgyxc3g\"><strong>Dr. Annette Nietfeld: <\/strong><em>Lassen<br \/>\nSie uns nun noch einmal einen Blick auf den Aspekt der Verkehrsverlagerung<br \/>\nwerfen.Im Rahmen des<br \/>\nKlimaschutzgesetzes hat die Bundesregierung die Mehrwertsteuer auf die<br \/>\nTicketpreise der Deutschen Bahn gesenkt. Sie hat das getan, um mehr<br \/>\nVerkehrsteilnehmer dazu zu veranlassen, auf die Bahn umzusteigen. Wird das als<br \/>\nAnreiz ausreichen?<\/em> <\/p>\n<p class=\"fqk44srj04fgyxc3g\"><strong>Torsten Schein:<\/strong><strong>&nbsp; <\/strong><em>Ein<br \/>\nattraktiver Preis ist aus Sicht spezifischer Kundengruppen sicherlich ein<br \/>\nentscheidender Anreiz. Das alleine wird aber aus meiner Sicht nicht ausreichen,<br \/>\num das volle Ausma\u00df der angestrebten Verkehrsverlagerung zu erreichen. W\u00e4hrend bei<br \/>\nmanchen Kunden der Preis wichtig ist, stehen bei anderen Kunden z. B. prim\u00e4r<br \/>\nschnelle, zuverl\u00e4ssige Verbindungen mit einer guten Anschlussmobilit\u00e4t und<br \/>\nansprechende Qualit\u00e4t im Vordergrund. Gerade in diese Themen wurde bereits in<br \/>\nden vergangenen Jahren viel investiert und darauf wird auch zuk\u00fcnftig ein Fokus<br \/>\nliegen. Und zuletzt spielt in der Gesellschaft der Aspekt der Nachhaltigkeit<br \/>\nder Mobilit\u00e4t eine zunehmende Rolle. Die Bahn ist bereits heute in Hinsicht<br \/>\nklimafreundlichem Verkehr im Vergleich mit anderen Verkehrstr\u00e4gern in f\u00fchrender<br \/>\nPosition. Mit zunehmender Vergr\u00fcnung der DB wird auch hier ein weiterer Anreiz<br \/>\nzum Umstieg auf die Bahn entstehen<\/em>. <\/p>\n<p class=\"fqk44srj04fgyxc3g\"><strong>Dr. Annette Nietfeld:<\/strong><strong>&nbsp; <\/strong><em>Die<br \/>\nheutige Infrastruktur der DB ist ja bereits durch den heutigen Schienenverkehr an<br \/>\nder Kapazit\u00e4tsgrenze angelangt. Ist unter diesem Aspekt eine signifikante<br \/>\nVerkehrsverlagerung auf die Schiene \u00fcberhaupt realistisch?<\/em> <\/p>\n<p class=\"fqk44srj04fgyxc3g\"><strong>Torsten Schein:<\/strong><strong>&nbsp; <\/strong><em>Eine<br \/>\nmassive Verkehrsverlagerung wird nat\u00fcrlich nicht von heute auf morgen m\u00f6glich<br \/>\nsein, das ist ein l\u00e4ngerer Weg, f\u00fcr den man einen langen Atem braucht. Mit<br \/>\nihrer Wachstumsstrategie \u201aStarke Schiene\u2018 gibt die DB die Antwort, die es f\u00fcr<br \/>\ndiesen Weg braucht. Der Schl\u00fcssel hei\u00dft mehr Kapazit\u00e4t: Es wird in diesem<br \/>\nJahrzehnt so viel in die Erneuerung und den Ausbau des Bestandsnetzes<br \/>\ninvestiert wie nie zuvor, um weitere Kapazit\u00e4t zu schaffen und die Qualit\u00e4t zu<br \/>\nsteigern. Allein im Jahr 2020 werden 12,2 Milliarden Euro in die Modernisierung<br \/>\nder Eisenbahninfrastruktur flie\u00dfen. Und bis 2030 stehen in Summe rund 170<br \/>\nMilliarden aus Mitteln des Bundes sowie aus Eigenmitteln f\u00fcr Investitionen in<br \/>\ndie Infrastruktur zur Verf\u00fcgung. Einen weiteren Beitrag zur<br \/>\nKapazit\u00e4tssteigerung wird die konsequente Digitalisierung der Infrastruktur leisten,<br \/>\nwie sie durch die eigens daf\u00fcr aufgesetzte Organisationseinheit Digitale<br \/>\nSchiene Deutschland GmbH vorangetrieben wird.<\/em> <\/p>\n<p class=\"fqk44srj04fgyxc3g\"><strong>Dr. Annette Nietfeld: <\/strong><em>Im<br \/>\nRahmen der Konferenz \u201eENERGIE.CROSS.MEDIAL 2020\u201c werden Sie einen Vortrag zum<br \/>\nThema \u201eEnergie- und Mobilit\u00e4tswende bei der Deutschen Bahn\u201c halten und in einer<br \/>\nder Sessions werden wir au\u00dferdem etwas \u00fcber die Ideen der Deutschen Bahn zu<br \/>\nnachhaltigen Logistikkonzepten erfahren. Worauf werden sich die Teilnehmer<br \/>\ndieser Konferenz mit Blick auf diese Themen freuen d\u00fcrfen?<\/em> <\/p>\n<p class=\"fqk44srj04fgyxc3g\"><strong>Torsten Schein:<\/strong><strong>&nbsp; <\/strong><em>In<br \/>\nmeinem Vortrage werde ich ausf\u00fchrlicher unseren Weg als DB Energie aufzeigen,<br \/>\nwie bei gleichzeitig steigenden Anforderungen durch die Verkehrswende die Ziele<br \/>\nder DB hinsichtlich einer vollst\u00e4ndig gr\u00fcnen Energieversorgung erreicht werden<br \/>\nk\u00f6nnen. Dies greift dann nicht nur die oben bereits angerissenen Punkte der Vergr\u00fcnung<br \/>\ndes eigentlichen Schienenverkehrs auf, sondern ber\u00fccksichtigt auch die<br \/>\nwichtigen Aspekte der W\u00e4rmewende und Vergr\u00fcnung von station\u00e4rer Energie in<br \/>\nBahnh\u00f6hen, Werken und anderen Liegenschaften der DB. Zuletzt spielt auch eine<br \/>\ndurchg\u00e4ngig gr\u00fcne Mobilit\u00e4tskette, die die Stra\u00dfe mit einbezieht, eine Rolle.<br \/>\nHierzu k\u00f6nnen wir als DB Energie mit Bereitstellung von Ladeinfrastruktur an<br \/>\nMobilit\u00e4tsknotenpunkten einen Beitrag leisten. In der Session \u201eMobilit\u00e4t\u201c wird<br \/>\ndann ein Kollege aus Sicht eines Logistikers einen Blick auf nachhaltigen<br \/>\nTransport auf der Stra\u00dfe richten. Neben alternativen Antrieben f\u00fcr LKW und<br \/>\nTransporter sind hier auch ganz neue Logistikkonzepte gefragt, die die<br \/>\nunterschiedlichen Anforderungen des Transports im urbanen Umfeld und auf langen<br \/>\nStrecken ber\u00fccksichtigt.<\/em><\/p>\n<p class=\"fqk44srj04fgyxc3g\"><strong>Dr. Annette Nietfeld: <\/strong><em>Das<br \/>\nklingt sehr interessant und die Besucher d\u00fcrfen in der Tat gespannt sein. Was<br \/>\nerwarten Sie sich selbst von \u201eENERGIE.CROSS.MEDIAL 2020\u201c?<\/em> <\/p>\n<p class=\"fqk44srj04fgyxc3g\"><strong>Torsten Schein:<\/strong><strong>&nbsp; <\/strong><em>Wie<br \/>\nbereits dargelegt, m\u00fcssen Energie- und Verkehrswende Hand in Hand gehen, um<br \/>\nerfolgreich zu sein. Dazu ist es von zentraler Bedeutung, die unterschiedlichen<br \/>\nAkteure an einen Tisch zu bringen und diese Themen \u00fcbergreifend zu diskutieren.<br \/>\nMit den Vortragenden und Teilnehmern aus Politik, Wissenschaft und Wirtschaft<br \/>\n\u00fcber verschiedene Branchen hinweg bietet die Konferenz hierf\u00fcr eine gute<br \/>\nPlattform f\u00fcr uns. Von daher freue ich mich auf diese Dialogm\u00f6glichkeit und<br \/>\nhoffe, dort auf viele interessierte Teilnehmerinnen und Teilnehmer zu treffen.<\/em><\/p>\n<\/div>\n<p><br class=\"clear\"\/>\n\t    <\/div>\n<\/p><\/div>\n<\/div>\n<p><!-- End each blog post -->\n    \t<\/div>\n<div class=\"sidebar_wrapper\">\n<div class=\"sidebar_top\"><\/div>\n<div class=\"sidebar\">\n<div class=\"content\">\n    \t\t\t\t<\/div>\n<\/p><\/div>\n<p>    \t\t\t<br class=\"clear\"\/><\/p>\n<div class=\"sidebar_bottom\"><\/div>\n<\/p><\/div>\n<\/p><\/div>\n<p>    <!-- End main content -->\n<\/div>\n<p><br class=\"clear\"\/><br class=\"fqk44srj04fgyxc3g\"\/>\n<\/div>\n","protected":false},"excerpt":{"rendered":"<p>Interview mit Torsten Schein (DB Energie GmbH) 19. Februar 2020 \u2022 0&nbsp;Kommentar Torsten Schein, Vorsitzender der Gesch\u00e4ftsf\u00fchrung DB Energie GmbH und Mitglied des Vorstandes im Forum f\u00fcr Zukunftsenergien, mit Blick auf das Engagement der DB Energie im Rahmen von \u201eENERGIE.CROSS.MEDIAL [&hellip;]<\/p>\n","protected":false},"author":1,"featured_media":0,"parent":0,"menu_order":51,"comment_status":"closed","ping_status":"closed","template":"template_3.php","meta":{"_acf_changed":false,"footnotes":""},"class_list":["post-41","page","type-page","status-publish","hentry"],"acf":[],"yoast_head":"<!-- This site is optimized with the Yoast SEO plugin v24.0 - https:\/\/yoast.com\/wordpress\/plugins\/seo\/ -->\n<title>Interview mit Torsten Schein (DB Energie GmbH) - ENERGIE.CROSS.MEDIAL<\/title>\n<meta name=\"robots\" content=\"index, follow, max-snippet:-1, max-image-preview:large, max-video-preview:-1\" \/>\n<link rel=\"canonical\" href=\"https:\/\/www.energiecrossmedial.de\/index.php\/interviewschein\/\" \/>\n<meta property=\"og:locale\" content=\"de_DE\" \/>\n<meta property=\"og:type\" content=\"article\" \/>\n<meta property=\"og:title\" content=\"Interview mit Torsten Schein (DB Energie GmbH) - ENERGIE.CROSS.MEDIAL\" \/>\n<meta property=\"og:description\" content=\"Interview mit Torsten Schein (DB Energie GmbH) 19. Februar 2020 \u2022 0&nbsp;Kommentar Torsten Schein, Vorsitzender der Gesch\u00e4ftsf\u00fchrung DB Energie GmbH und Mitglied des Vorstandes im Forum f\u00fcr Zukunftsenergien, mit Blick auf das Engagement der DB Energie im Rahmen von \u201eENERGIE.CROSS.MEDIAL [&hellip;]\" \/>\n<meta property=\"og:url\" content=\"https:\/\/www.energiecrossmedial.de\/index.php\/interviewschein\/\" \/>\n<meta property=\"og:site_name\" content=\"ENERGIE.CROSS.MEDIAL\" \/>\n<meta name=\"twitter:card\" content=\"summary_large_image\" \/>\n<meta name=\"twitter:site\" content=\"@EnergieXMedial\" \/>\n<meta name=\"twitter:label1\" content=\"Gesch\u00e4tzte Lesezeit\" \/>\n\t<meta name=\"twitter:data1\" content=\"9\u00a0Minuten\" \/>\n<script type=\"application\/ld+json\" class=\"yoast-schema-graph\">{\"@context\":\"https:\/\/schema.org\",\"@graph\":[{\"@type\":\"WebPage\",\"@id\":\"https:\/\/www.energiecrossmedial.de\/index.php\/interviewschein\/\",\"url\":\"https:\/\/www.energiecrossmedial.de\/index.php\/interviewschein\/\",\"name\":\"Interview mit Torsten Schein (DB Energie GmbH) - ENERGIE.CROSS.MEDIAL\",\"isPartOf\":{\"@id\":\"https:\/\/www.energiecrossmedial.de\/#website\"},\"datePublished\":\"2021-09-20T12:20:10+00:00\",\"dateModified\":\"2021-09-20T12:20:10+00:00\",\"breadcrumb\":{\"@id\":\"https:\/\/www.energiecrossmedial.de\/index.php\/interviewschein\/#breadcrumb\"},\"inLanguage\":\"de\",\"potentialAction\":[{\"@type\":\"ReadAction\",\"target\":[\"https:\/\/www.energiecrossmedial.de\/index.php\/interviewschein\/\"]}]},{\"@type\":\"BreadcrumbList\",\"@id\":\"https:\/\/www.energiecrossmedial.de\/index.php\/interviewschein\/#breadcrumb\",\"itemListElement\":[{\"@type\":\"ListItem\",\"position\":1,\"name\":\"Startseite\",\"item\":\"https:\/\/www.energiecrossmedial.de\/\"},{\"@type\":\"ListItem\",\"position\":2,\"name\":\"Interview mit Torsten Schein (DB Energie GmbH)\"}]},{\"@type\":\"WebSite\",\"@id\":\"https:\/\/www.energiecrossmedial.de\/#website\",\"url\":\"https:\/\/www.energiecrossmedial.de\/\",\"name\":\"ENERGIE.CROSS.MEDIAL - das forum der energiewende\",\"description\":\"das forum der energiewende\",\"publisher\":{\"@id\":\"https:\/\/www.energiecrossmedial.de\/#organization\"},\"potentialAction\":[{\"@type\":\"SearchAction\",\"target\":{\"@type\":\"EntryPoint\",\"urlTemplate\":\"https:\/\/www.energiecrossmedial.de\/?s={search_term_string}\"},\"query-input\":{\"@type\":\"PropertyValueSpecification\",\"valueRequired\":true,\"valueName\":\"search_term_string\"}}],\"inLanguage\":\"de\"},{\"@type\":\"Organization\",\"@id\":\"https:\/\/www.energiecrossmedial.de\/#organization\",\"name\":\"ENERGIE.CROSS.MEDIAL - das forum der energiewende\",\"url\":\"https:\/\/www.energiecrossmedial.de\/\",\"logo\":{\"@type\":\"ImageObject\",\"inLanguage\":\"de\",\"@id\":\"https:\/\/www.energiecrossmedial.de\/#\/schema\/logo\/image\/\",\"url\":\"https:\/\/www.energiecrossmedial.de\/wp-content\/uploads\/2023\/09\/cropped-Website_Icon.png\",\"contentUrl\":\"https:\/\/www.energiecrossmedial.de\/wp-content\/uploads\/2023\/09\/cropped-Website_Icon.png\",\"width\":512,\"height\":512,\"caption\":\"ENERGIE.CROSS.MEDIAL - das forum der energiewende\"},\"image\":{\"@id\":\"https:\/\/www.energiecrossmedial.de\/#\/schema\/logo\/image\/\"},\"sameAs\":[\"https:\/\/x.com\/EnergieXMedial\",\"https:\/\/www.linkedin.com\/company\/zukunftsenergien\/\"]}]}<\/script>\n<!-- \/ Yoast SEO plugin. -->","yoast_head_json":{"title":"Interview mit Torsten Schein (DB Energie GmbH) - ENERGIE.CROSS.MEDIAL","robots":{"index":"index","follow":"follow","max-snippet":"max-snippet:-1","max-image-preview":"max-image-preview:large","max-video-preview":"max-video-preview:-1"},"canonical":"https:\/\/www.energiecrossmedial.de\/index.php\/interviewschein\/","og_locale":"de_DE","og_type":"article","og_title":"Interview mit Torsten Schein (DB Energie GmbH) - ENERGIE.CROSS.MEDIAL","og_description":"Interview mit Torsten Schein (DB Energie GmbH) 19. Februar 2020 \u2022 0&nbsp;Kommentar Torsten Schein, Vorsitzender der Gesch\u00e4ftsf\u00fchrung DB Energie GmbH und Mitglied des Vorstandes im Forum f\u00fcr Zukunftsenergien, mit Blick auf das Engagement der DB Energie im Rahmen von \u201eENERGIE.CROSS.MEDIAL [&hellip;]","og_url":"https:\/\/www.energiecrossmedial.de\/index.php\/interviewschein\/","og_site_name":"ENERGIE.CROSS.MEDIAL","twitter_card":"summary_large_image","twitter_site":"@EnergieXMedial","twitter_misc":{"Gesch\u00e4tzte Lesezeit":"9\u00a0Minuten"},"schema":{"@context":"https:\/\/schema.org","@graph":[{"@type":"WebPage","@id":"https:\/\/www.energiecrossmedial.de\/index.php\/interviewschein\/","url":"https:\/\/www.energiecrossmedial.de\/index.php\/interviewschein\/","name":"Interview mit Torsten Schein (DB Energie GmbH) - ENERGIE.CROSS.MEDIAL","isPartOf":{"@id":"https:\/\/www.energiecrossmedial.de\/#website"},"datePublished":"2021-09-20T12:20:10+00:00","dateModified":"2021-09-20T12:20:10+00:00","breadcrumb":{"@id":"https:\/\/www.energiecrossmedial.de\/index.php\/interviewschein\/#breadcrumb"},"inLanguage":"de","potentialAction":[{"@type":"ReadAction","target":["https:\/\/www.energiecrossmedial.de\/index.php\/interviewschein\/"]}]},{"@type":"BreadcrumbList","@id":"https:\/\/www.energiecrossmedial.de\/index.php\/interviewschein\/#breadcrumb","itemListElement":[{"@type":"ListItem","position":1,"name":"Startseite","item":"https:\/\/www.energiecrossmedial.de\/"},{"@type":"ListItem","position":2,"name":"Interview mit Torsten Schein (DB Energie GmbH)"}]},{"@type":"WebSite","@id":"https:\/\/www.energiecrossmedial.de\/#website","url":"https:\/\/www.energiecrossmedial.de\/","name":"ENERGIE.CROSS.MEDIAL - das forum der energiewende","description":"das forum der energiewende","publisher":{"@id":"https:\/\/www.energiecrossmedial.de\/#organization"},"potentialAction":[{"@type":"SearchAction","target":{"@type":"EntryPoint","urlTemplate":"https:\/\/www.energiecrossmedial.de\/?s={search_term_string}"},"query-input":{"@type":"PropertyValueSpecification","valueRequired":true,"valueName":"search_term_string"}}],"inLanguage":"de"},{"@type":"Organization","@id":"https:\/\/www.energiecrossmedial.de\/#organization","name":"ENERGIE.CROSS.MEDIAL - das forum der energiewende","url":"https:\/\/www.energiecrossmedial.de\/","logo":{"@type":"ImageObject","inLanguage":"de","@id":"https:\/\/www.energiecrossmedial.de\/#\/schema\/logo\/image\/","url":"https:\/\/www.energiecrossmedial.de\/wp-content\/uploads\/2023\/09\/cropped-Website_Icon.png","contentUrl":"https:\/\/www.energiecrossmedial.de\/wp-content\/uploads\/2023\/09\/cropped-Website_Icon.png","width":512,"height":512,"caption":"ENERGIE.CROSS.MEDIAL - das forum der energiewende"},"image":{"@id":"https:\/\/www.energiecrossmedial.de\/#\/schema\/logo\/image\/"},"sameAs":["https:\/\/x.com\/EnergieXMedial","https:\/\/www.linkedin.com\/company\/zukunftsenergien\/"]}]}},"jetpack_sharing_enabled":true,"_links":{"self":[{"href":"https:\/\/www.energiecrossmedial.de\/index.php\/wp-json\/wp\/v2\/pages\/41","targetHints":{"allow":["GET"]}}],"collection":[{"href":"https:\/\/www.energiecrossmedial.de\/index.php\/wp-json\/wp\/v2\/pages"}],"about":[{"href":"https:\/\/www.energiecrossmedial.de\/index.php\/wp-json\/wp\/v2\/types\/page"}],"author":[{"embeddable":true,"href":"https:\/\/www.energiecrossmedial.de\/index.php\/wp-json\/wp\/v2\/users\/1"}],"replies":[{"embeddable":true,"href":"https:\/\/www.energiecrossmedial.de\/index.php\/wp-json\/wp\/v2\/comments?post=41"}],"version-history":[{"count":0,"href":"https:\/\/www.energiecrossmedial.de\/index.php\/wp-json\/wp\/v2\/pages\/41\/revisions"}],"wp:attachment":[{"href":"https:\/\/www.energiecrossmedial.de\/index.php\/wp-json\/wp\/v2\/media?parent=41"}],"curies":[{"name":"wp","href":"https:\/\/api.w.org\/{rel}","templated":true}]}}