{"id":51,"date":"2021-09-20T12:20:10","date_gmt":"2021-09-20T12:20:10","guid":{"rendered":"http:\/\/localhost\/wordpress\/interview-mit-dr-dr-tobias-paulun-chief-strategy-officer-eex-ag\/"},"modified":"2021-09-20T12:20:10","modified_gmt":"2021-09-20T12:20:10","slug":"interview-mit-dr-dr-tobias-paulun-chief-strategy-officer-eex-ag","status":"publish","type":"page","link":"https:\/\/www.energiecrossmedial.de\/index.php\/interview-mit-dr-dr-tobias-paulun-chief-strategy-officer-eex-ag\/","title":{"rendered":"Interview mit Dr. Dr. Tobias Paulun (Chief Strategy Officer, EEX AG)"},"content":{"rendered":"<div id=\"page_caption\" class=\"\">\n<div class=\"page_title_wrapper\">\n<div class=\"standard_wrapper\">\n<div class=\"page_title_inner\">\n<div class=\"page_title_content\">\n<h1>  <\/h1>\n<\/p><\/div>\n<\/p><\/div>\n<\/p><\/div>\n<\/p><\/div>\n<\/div>\n<p><!-- Begin content --><\/p>\n<div id=\"page_content_wrapper\" class=\"\">\n<div class=\"inner\">\n    \t<!-- Begin main content --><\/p>\n<div class=\"inner_wrapper\">\n<div class=\"sidebar_content\">\n<!-- Begin each blog post --><\/p>\n<div id=\"post-3599\" class=\"post-3599 post type-post status-publish format-standard has-post-thumbnail hentry category-allgemein category-interviews-2021\">\n<div class=\"post_wrapper\">\n<div class=\"post_content_wrapper\">\n<h1>Interview mit Dr. Dr. Tobias Paulun (Chief Strategy Officer, EEX AG)<\/h1>\n<div class=\"post_detail single_post\">\n\t\t\t\t<span class=\"post_info_date\"><br \/>\n\t\t\t\t\t4. Januar 2021\t\t\t\t<\/span><br \/>\n\t\t\t\t<span class=\"post_info_comment\"><br \/>\n\t\t\t\t\t\u2022<br \/>\n\t\t\t\t\t0&nbsp;Kommentar\t\t\t\t<\/span>\n\t\t\t<\/div>\n<div class=\"pf-content\">\n<p class=\"fqk44srj04fgyxc3g\"><strong>Dr. Annette Nietfeld:<\/strong>&nbsp;Herr Dr. Paulun, wie bewerten Sie als Energieb\u00f6rse die Pl\u00e4ne von EU-Kommission und Bundesregierung f\u00fcr den Aufbau von Wasserstoffm\u00e4rkten?<\/p>\n<p class=\"fqk44srj04fgyxc3g\"><strong>Dr. Dr. Paulun:<\/strong>&nbsp;Als EEX begr\u00fc\u00dfen wir es sehr, dass der Aufbau von Wasserstoffm\u00e4rkten mit gro\u00dfer Priorit\u00e4t vorangetrieben wird. Die Entwicklung der EU-Wasserstoffstrategie halten wir f\u00fcr zentral, denn wir brauchen f\u00fcr den Wasserstoffmarkthochlauf eine wahrhaft europ\u00e4ische Kraftanstrengung, um diese Mammutaufgabe erfolgreich stemmen zu k\u00f6nnen. Jeder EU-Mitgliedsstaat setzt mit seiner jeweiligen Wassersstoffstrategie eigene Priorit\u00e4ten, doch sind sie im Wesentlichen mit den Pl\u00e4nen der EU-Kommission harmonisiert. Aus unserer Sicht kann sich hierdurch ein gemeinsames europ\u00e4isches System entwickeln, bei dem jeder Mitgliedsstaat seine St\u00e4rken einbringen kann. Und dahin wollen wir auch als EEX: Wir setzen auf die Entwicklung friktionsfreier europ\u00e4ischer Wasserstoffm\u00e4rkte. Und wir sehen den Wasserstoffmarktaufbau auch als Gelegenheit, Europas einzigartige Expertise im Aufbau liberalisierter Energiehandelsm\u00e4rkte zu nutzen: Wenn es uns gelingt, bald transparente Handelsbedingungen f\u00fcr Wasserstoff zu schaffen, k\u00f6nnen die europ\u00e4ischen Wasserstoffm\u00e4rkte eine internationale Anziehungskraft entwickeln, Europa kann zum globalen Hub f\u00fcr gr\u00fcnen und kohlenstoffarmen Wasserstoff werden.<\/p>\n<p class=\"fqk44srj04fgyxc3g\"><strong>Dr. Annette Nietfeld:<\/strong>&nbsp;Die EEX schaut also schon heute sehr genau auf die Wasserstoffm\u00e4rkte. Die Entwicklung reifer M\u00e4rkte wird allerdings erst f\u00fcr etwa 2030 erwartet. Warum sind Sie jetzt schon aktiv?<\/p>\n<p class=\"fqk44srj04fgyxc3g\"><strong>Dr. Dr. Paulun:<\/strong>&nbsp;Wir sind \u00fcberzeugt, dass transparente Energiehandelsm\u00e4rkte bereits in sehr naher Zukunft einen entscheidenden Beitrag zum Aufbau einer Wasserstoffwirtschaft leisten k\u00f6nnen. Schon seit vielen Jahren verbinden wir Teilnehmer u.a. an Strom-, Gas- und CO2-Emissionsm\u00e4rkten. Besonders Strom- und CO2-Preise k\u00f6nnen marktbasiert die Produktion von gr\u00fcnem Wasserstoff anreizen \u2013 mit positiven Auswirkungen auf die Stabilit\u00e4t des Stromsystems. Die Wasserstoffproduktion kann dann an transparenten Wasserstoffm\u00e4rkten gehandelt werden. Diese sind diskriminierungsfrei zug\u00e4nglich und tragen daher dazu bei, dass der Wasserstoff von einem breiten Feld verschiedener Verbraucher genutzt werden kann. Unsere M\u00e4rkte verbinden Sektoren, Anbieter und Nachfrager, dadurch tragen sie zum Gelingen der Energiewende bei, und all das gesteuert durch Marktpreise.<\/p>\n<p class=\"fqk44srj04fgyxc3g\"><strong>Dr. Annette Nietfeld:<\/strong>&nbsp;Wie bewerten Sie die Erfolgsaussichten, heute schon einen liquiden Markt aufzubauen?<\/p>\n<p class=\"fqk44srj04fgyxc3g\"><strong>Dr. Dr. Paulun:&nbsp;<\/strong>Der Aufbau von Wasserstoffhandelsm\u00e4rkten wird schrittweise erfolgen. Anfangs wird es sicher keinen regen, liquiden Handel wie heute an unseren Strom- und Gasm\u00e4rkten geben, das kommt zu gegebener Zeit. Wie der Markt zu Beginn aussehen wird, h\u00e4ngt von den W\u00fcnschen der Marktteilnehmer, aber auch den Rahmenbedingungen, wie Netzregulierung und F\u00f6rdersystemen, ab. Wir k\u00f6nnen uns beispielsweise vorstellen, zun\u00e4chst einen lokal begrenzten Handel anzubieten und diesen nach und nach auszubauen. Auch f\u00fcr Beimischungen von Wasserstoff zum Erdgasnetz haben wir Marktideen. Eine wichtige Rolle spielen auch Herkunftsnachweise oder andere Formen von Zertifikaten. Auf diesem Feld sind wir als EEX Gruppe \u00fcber unsere Tochter Grexel bereits aktiv, denn Grexel f\u00fchrt das erste europ\u00e4ische Herkunftsnachweisregister CertifHy operativ. Als EEX blicken wir mit Stolz auf eine zwanzigj\u00e4hrige Erfahrung im Aufbau von Energiem\u00e4rkten zur\u00fcck. Unsere heute erfolgreichen Strom- und Gashandelsm\u00e4rkte haben wir nach und nach entwickelt, diese Expertise wollen wir auch beim Aufbau eines Wasserstoffmarktes einbringen.<\/p>\n<p class=\"fqk44srj04fgyxc3g\"><strong>Dr. Annette Nietfeld:<\/strong>&nbsp;An der EEX handeln Energiehandelsunternehmen aus verschiedenen Sektoren, was sagen diese zu Ihren Pl\u00e4nen?<\/p>\n<p class=\"fqk44srj04fgyxc3g\"><strong>Dr. Dr. Paulun:<\/strong>&nbsp;Wir stehen in engem Austausch mit unseren Handelsteilnehmern. Wir alle wissen, dass wir uns am Beginn eines langen Prozesses befinden. Wir alle stehen vor der g\u00e4nzlich neuen Situation, einen Markt zu entwickeln, der physisch fast noch nicht existiert. Dabei handelt es sich um einen Markt, der die Dekarbonisierung vieler zentraler Sektoren entscheidend voranbringen wird. Das bef\u00f6rdert Pioniergeist und Innovationskraft, es macht uns allen viel Spa\u00df. Um diese gemeinsame Motivation f\u00fcr die Marktentwicklung zu nutzen, haben wir den EEX-Wasserstoffarbeitskreis ins Leben gerufen. Bislang haben sich etwa f\u00fcnfzig Unternehmen bereiterkl\u00e4rt, ihre Expertise in den EEX-Wasserstoffarbeitskreis und in die Produktentwicklung f\u00fcr Wasserstoffm\u00e4rkte einzubringen.<\/p>\n<p class=\"fqk44srj04fgyxc3g\"><strong>Dr. Annette Nietfeld:<\/strong>&nbsp;Welche Voraussetzungen sind erforderlich, damit Wasserstoff zu einem handelbaren Energietr\u00e4ger wird?<\/p>\n<p class=\"fqk44srj04fgyxc3g\"><strong>Dr. Dr. Paulun:<\/strong>&nbsp;Ganz grunds\u00e4tzliche Rahmenbedingungen wie Netzzugang und Transport m\u00fcssen gekl\u00e4rt sein. Hierbei sprechen wir uns f\u00fcr einen diskriminierungsfreien, regulierten Netzzugang aus. Gerade in der Anfangszeit gibt es gegebenenfalls noch andere Formen des Wasserstofftransports als der in Netzen, auch hier muss der Zugang diskriminierungsfrei und offen erfolgen.<\/p>\n<p class=\"fqk44srj04fgyxc3g\">Von Beginn an sind klare Standards n\u00f6tig. Zum Beispiel wird sehr bald gr\u00fcner Wasserstoff nach Europa importiert werden. Daf\u00fcr braucht es eine klare Regelung, welche regulatorischen und technischen Standards in den Produktionsl\u00e4ndern erf\u00fcllt werden m\u00fcssen, damit der Wasserstoff in Europa transportiert, genutzt und ggf. gef\u00f6rdert werden kann. Dies k\u00f6nnte zum Beispiel in Form von Zertifikaten, \u00e4hnlich den Herkunftsnachweisen, erfolgen. Aber auch f\u00fcr europ\u00e4ischen Wasserstoff brauchen wir Klarheit \u00fcber die k\u00fcnftigen Wasserstoffherkunftsnachweise. Um mittelfristig grenz\u00fcberschreitenden Handel, oder auch die Einf\u00fchrung grenz\u00fcberschreitender Marktgebiete, zu erm\u00f6glichen, sind dringend harmonisierte Netz- und Marktregeln erforderlich. Und ganz besonders: Bei der F\u00f6rderung von Wasserstoff ist es unerl\u00e4sslich, dass diese die Entstehung von Handelsm\u00e4rkten und unverzerrten Marktpreisen unterst\u00fctzt. Wir bringen uns bei all diesen Themen konstruktiv ein.<\/p>\n<p class=\"fqk44srj04fgyxc3g\"><strong>Dr. Annette Nietfeld:<\/strong>\u00a0Am 2. M\u00e4rz 2021 werden Sie bei ENERGIE.CROSS.MEDIAL mitwirken. Welche Impulse erhoffen Sie sich von dieser Mitwirkung bei ENERGIE.CROSS.MEDIAL 2021?<\/p>\n<p class=\"fqk44srj04fgyxc3g\"><strong>Dr. Dr. Tobias Paulun:\u00a0<\/strong>Ich freue mich darauf zu diskutieren, wie wir den Wasserstoffmarkthochlauf gemeinsam gestalten k\u00f6nnen. Ich selber m\u00f6chte den Kolleginnen und Kollegen aufzeigen, welches Potential in Wasserstoffm\u00e4rkten steckt und freue mich \u00fcber einen Austausch hierzu. Und vielleicht entstehen ja ganz neue Ideen.<\/p>\n<\/div>\n<p><br class=\"clear\"\/>\n\t    <\/div>\n<\/p><\/div>\n<\/div>\n<p><!-- End each blog post -->\n    \t<\/div>\n<div class=\"sidebar_wrapper\">\n<div class=\"sidebar_top\"><\/div>\n<div class=\"sidebar\">\n<div class=\"content\">\n    \t\t\t\t<\/div>\n<\/p><\/div>\n<p>    \t\t\t<br class=\"clear\"\/><\/p>\n<div class=\"sidebar_bottom\"><\/div>\n<\/p><\/div>\n<\/p><\/div>\n<p>    <!-- End main content -->\n<\/div>\n<p><br class=\"clear\"\/><br class=\"fqk44srj04fgyxc3g\"\/>\n<\/div>\n","protected":false},"excerpt":{"rendered":"<p>Interview mit Dr. Dr. Tobias Paulun (Chief Strategy Officer, EEX AG) 4. Januar 2021 \u2022 0&nbsp;Kommentar Dr. Annette Nietfeld:&nbsp;Herr Dr. Paulun, wie bewerten Sie als Energieb\u00f6rse die Pl\u00e4ne von EU-Kommission und Bundesregierung f\u00fcr den Aufbau von Wasserstoffm\u00e4rkten? Dr. Dr. Paulun:&nbsp;Als [&hellip;]<\/p>\n","protected":false},"author":1,"featured_media":0,"parent":0,"menu_order":55,"comment_status":"closed","ping_status":"closed","template":"template_3.php","meta":{"_acf_changed":false,"footnotes":""},"class_list":["post-51","page","type-page","status-publish","hentry"],"acf":[],"yoast_head":"<!-- This site is optimized with the Yoast SEO plugin v24.0 - https:\/\/yoast.com\/wordpress\/plugins\/seo\/ -->\n<title>Interview mit Dr. Dr. Tobias Paulun (Chief Strategy Officer, EEX AG) - ENERGIE.CROSS.MEDIAL<\/title>\n<meta name=\"robots\" content=\"index, follow, max-snippet:-1, max-image-preview:large, max-video-preview:-1\" \/>\n<link rel=\"canonical\" href=\"https:\/\/www.energiecrossmedial.de\/index.php\/interview-mit-dr-dr-tobias-paulun-chief-strategy-officer-eex-ag\/\" \/>\n<meta property=\"og:locale\" content=\"de_DE\" \/>\n<meta property=\"og:type\" content=\"article\" \/>\n<meta property=\"og:title\" content=\"Interview mit Dr. Dr. Tobias Paulun (Chief Strategy Officer, EEX AG) - ENERGIE.CROSS.MEDIAL\" \/>\n<meta property=\"og:description\" content=\"Interview mit Dr. Dr. Tobias Paulun (Chief Strategy Officer, EEX AG) 4. Januar 2021 \u2022 0&nbsp;Kommentar Dr. Annette Nietfeld:&nbsp;Herr Dr. Paulun, wie bewerten Sie als Energieb\u00f6rse die Pl\u00e4ne von EU-Kommission und Bundesregierung f\u00fcr den Aufbau von Wasserstoffm\u00e4rkten? Dr. Dr. Paulun:&nbsp;Als [&hellip;]\" \/>\n<meta property=\"og:url\" content=\"https:\/\/www.energiecrossmedial.de\/index.php\/interview-mit-dr-dr-tobias-paulun-chief-strategy-officer-eex-ag\/\" \/>\n<meta property=\"og:site_name\" content=\"ENERGIE.CROSS.MEDIAL\" \/>\n<meta name=\"twitter:card\" content=\"summary_large_image\" \/>\n<meta name=\"twitter:site\" content=\"@EnergieXMedial\" \/>\n<meta name=\"twitter:label1\" content=\"Gesch\u00e4tzte Lesezeit\" \/>\n\t<meta name=\"twitter:data1\" content=\"5\u00a0Minuten\" \/>\n<script type=\"application\/ld+json\" class=\"yoast-schema-graph\">{\"@context\":\"https:\/\/schema.org\",\"@graph\":[{\"@type\":\"WebPage\",\"@id\":\"https:\/\/www.energiecrossmedial.de\/index.php\/interview-mit-dr-dr-tobias-paulun-chief-strategy-officer-eex-ag\/\",\"url\":\"https:\/\/www.energiecrossmedial.de\/index.php\/interview-mit-dr-dr-tobias-paulun-chief-strategy-officer-eex-ag\/\",\"name\":\"Interview mit Dr. Dr. Tobias Paulun (Chief Strategy Officer, EEX AG) - ENERGIE.CROSS.MEDIAL\",\"isPartOf\":{\"@id\":\"https:\/\/www.energiecrossmedial.de\/#website\"},\"datePublished\":\"2021-09-20T12:20:10+00:00\",\"dateModified\":\"2021-09-20T12:20:10+00:00\",\"breadcrumb\":{\"@id\":\"https:\/\/www.energiecrossmedial.de\/index.php\/interview-mit-dr-dr-tobias-paulun-chief-strategy-officer-eex-ag\/#breadcrumb\"},\"inLanguage\":\"de\",\"potentialAction\":[{\"@type\":\"ReadAction\",\"target\":[\"https:\/\/www.energiecrossmedial.de\/index.php\/interview-mit-dr-dr-tobias-paulun-chief-strategy-officer-eex-ag\/\"]}]},{\"@type\":\"BreadcrumbList\",\"@id\":\"https:\/\/www.energiecrossmedial.de\/index.php\/interview-mit-dr-dr-tobias-paulun-chief-strategy-officer-eex-ag\/#breadcrumb\",\"itemListElement\":[{\"@type\":\"ListItem\",\"position\":1,\"name\":\"Startseite\",\"item\":\"https:\/\/www.energiecrossmedial.de\/\"},{\"@type\":\"ListItem\",\"position\":2,\"name\":\"Interview mit Dr. Dr. Tobias Paulun (Chief Strategy Officer, EEX AG)\"}]},{\"@type\":\"WebSite\",\"@id\":\"https:\/\/www.energiecrossmedial.de\/#website\",\"url\":\"https:\/\/www.energiecrossmedial.de\/\",\"name\":\"ENERGIE.CROSS.MEDIAL - das forum der energiewende\",\"description\":\"das forum der energiewende\",\"publisher\":{\"@id\":\"https:\/\/www.energiecrossmedial.de\/#organization\"},\"potentialAction\":[{\"@type\":\"SearchAction\",\"target\":{\"@type\":\"EntryPoint\",\"urlTemplate\":\"https:\/\/www.energiecrossmedial.de\/?s={search_term_string}\"},\"query-input\":{\"@type\":\"PropertyValueSpecification\",\"valueRequired\":true,\"valueName\":\"search_term_string\"}}],\"inLanguage\":\"de\"},{\"@type\":\"Organization\",\"@id\":\"https:\/\/www.energiecrossmedial.de\/#organization\",\"name\":\"ENERGIE.CROSS.MEDIAL - das forum der energiewende\",\"url\":\"https:\/\/www.energiecrossmedial.de\/\",\"logo\":{\"@type\":\"ImageObject\",\"inLanguage\":\"de\",\"@id\":\"https:\/\/www.energiecrossmedial.de\/#\/schema\/logo\/image\/\",\"url\":\"https:\/\/www.energiecrossmedial.de\/wp-content\/uploads\/2023\/09\/cropped-Website_Icon.png\",\"contentUrl\":\"https:\/\/www.energiecrossmedial.de\/wp-content\/uploads\/2023\/09\/cropped-Website_Icon.png\",\"width\":512,\"height\":512,\"caption\":\"ENERGIE.CROSS.MEDIAL - das forum der energiewende\"},\"image\":{\"@id\":\"https:\/\/www.energiecrossmedial.de\/#\/schema\/logo\/image\/\"},\"sameAs\":[\"https:\/\/x.com\/EnergieXMedial\",\"https:\/\/www.linkedin.com\/company\/zukunftsenergien\/\"]}]}<\/script>\n<!-- \/ Yoast SEO plugin. -->","yoast_head_json":{"title":"Interview mit Dr. Dr. Tobias Paulun (Chief Strategy Officer, EEX AG) - ENERGIE.CROSS.MEDIAL","robots":{"index":"index","follow":"follow","max-snippet":"max-snippet:-1","max-image-preview":"max-image-preview:large","max-video-preview":"max-video-preview:-1"},"canonical":"https:\/\/www.energiecrossmedial.de\/index.php\/interview-mit-dr-dr-tobias-paulun-chief-strategy-officer-eex-ag\/","og_locale":"de_DE","og_type":"article","og_title":"Interview mit Dr. Dr. Tobias Paulun (Chief Strategy Officer, EEX AG) - ENERGIE.CROSS.MEDIAL","og_description":"Interview mit Dr. Dr. Tobias Paulun (Chief Strategy Officer, EEX AG) 4. Januar 2021 \u2022 0&nbsp;Kommentar Dr. Annette Nietfeld:&nbsp;Herr Dr. Paulun, wie bewerten Sie als Energieb\u00f6rse die Pl\u00e4ne von EU-Kommission und Bundesregierung f\u00fcr den Aufbau von Wasserstoffm\u00e4rkten? Dr. Dr. Paulun:&nbsp;Als [&hellip;]","og_url":"https:\/\/www.energiecrossmedial.de\/index.php\/interview-mit-dr-dr-tobias-paulun-chief-strategy-officer-eex-ag\/","og_site_name":"ENERGIE.CROSS.MEDIAL","twitter_card":"summary_large_image","twitter_site":"@EnergieXMedial","twitter_misc":{"Gesch\u00e4tzte Lesezeit":"5\u00a0Minuten"},"schema":{"@context":"https:\/\/schema.org","@graph":[{"@type":"WebPage","@id":"https:\/\/www.energiecrossmedial.de\/index.php\/interview-mit-dr-dr-tobias-paulun-chief-strategy-officer-eex-ag\/","url":"https:\/\/www.energiecrossmedial.de\/index.php\/interview-mit-dr-dr-tobias-paulun-chief-strategy-officer-eex-ag\/","name":"Interview mit Dr. Dr. Tobias Paulun (Chief Strategy Officer, EEX AG) - ENERGIE.CROSS.MEDIAL","isPartOf":{"@id":"https:\/\/www.energiecrossmedial.de\/#website"},"datePublished":"2021-09-20T12:20:10+00:00","dateModified":"2021-09-20T12:20:10+00:00","breadcrumb":{"@id":"https:\/\/www.energiecrossmedial.de\/index.php\/interview-mit-dr-dr-tobias-paulun-chief-strategy-officer-eex-ag\/#breadcrumb"},"inLanguage":"de","potentialAction":[{"@type":"ReadAction","target":["https:\/\/www.energiecrossmedial.de\/index.php\/interview-mit-dr-dr-tobias-paulun-chief-strategy-officer-eex-ag\/"]}]},{"@type":"BreadcrumbList","@id":"https:\/\/www.energiecrossmedial.de\/index.php\/interview-mit-dr-dr-tobias-paulun-chief-strategy-officer-eex-ag\/#breadcrumb","itemListElement":[{"@type":"ListItem","position":1,"name":"Startseite","item":"https:\/\/www.energiecrossmedial.de\/"},{"@type":"ListItem","position":2,"name":"Interview mit Dr. Dr. Tobias Paulun (Chief Strategy Officer, EEX AG)"}]},{"@type":"WebSite","@id":"https:\/\/www.energiecrossmedial.de\/#website","url":"https:\/\/www.energiecrossmedial.de\/","name":"ENERGIE.CROSS.MEDIAL - das forum der energiewende","description":"das forum der energiewende","publisher":{"@id":"https:\/\/www.energiecrossmedial.de\/#organization"},"potentialAction":[{"@type":"SearchAction","target":{"@type":"EntryPoint","urlTemplate":"https:\/\/www.energiecrossmedial.de\/?s={search_term_string}"},"query-input":{"@type":"PropertyValueSpecification","valueRequired":true,"valueName":"search_term_string"}}],"inLanguage":"de"},{"@type":"Organization","@id":"https:\/\/www.energiecrossmedial.de\/#organization","name":"ENERGIE.CROSS.MEDIAL - das forum der energiewende","url":"https:\/\/www.energiecrossmedial.de\/","logo":{"@type":"ImageObject","inLanguage":"de","@id":"https:\/\/www.energiecrossmedial.de\/#\/schema\/logo\/image\/","url":"https:\/\/www.energiecrossmedial.de\/wp-content\/uploads\/2023\/09\/cropped-Website_Icon.png","contentUrl":"https:\/\/www.energiecrossmedial.de\/wp-content\/uploads\/2023\/09\/cropped-Website_Icon.png","width":512,"height":512,"caption":"ENERGIE.CROSS.MEDIAL - das forum der energiewende"},"image":{"@id":"https:\/\/www.energiecrossmedial.de\/#\/schema\/logo\/image\/"},"sameAs":["https:\/\/x.com\/EnergieXMedial","https:\/\/www.linkedin.com\/company\/zukunftsenergien\/"]}]}},"jetpack_sharing_enabled":true,"_links":{"self":[{"href":"https:\/\/www.energiecrossmedial.de\/index.php\/wp-json\/wp\/v2\/pages\/51","targetHints":{"allow":["GET"]}}],"collection":[{"href":"https:\/\/www.energiecrossmedial.de\/index.php\/wp-json\/wp\/v2\/pages"}],"about":[{"href":"https:\/\/www.energiecrossmedial.de\/index.php\/wp-json\/wp\/v2\/types\/page"}],"author":[{"embeddable":true,"href":"https:\/\/www.energiecrossmedial.de\/index.php\/wp-json\/wp\/v2\/users\/1"}],"replies":[{"embeddable":true,"href":"https:\/\/www.energiecrossmedial.de\/index.php\/wp-json\/wp\/v2\/comments?post=51"}],"version-history":[{"count":0,"href":"https:\/\/www.energiecrossmedial.de\/index.php\/wp-json\/wp\/v2\/pages\/51\/revisions"}],"wp:attachment":[{"href":"https:\/\/www.energiecrossmedial.de\/index.php\/wp-json\/wp\/v2\/media?parent=51"}],"curies":[{"name":"wp","href":"https:\/\/api.w.org\/{rel}","templated":true}]}}