{"id":53,"date":"2021-09-20T12:20:10","date_gmt":"2021-09-20T12:20:10","guid":{"rendered":"http:\/\/localhost\/wordpress\/interview-mit-dr-karsten-wildberger-coo-commercial-e-on-se\/"},"modified":"2021-09-20T12:20:10","modified_gmt":"2021-09-20T12:20:10","slug":"interview-mit-dr-karsten-wildberger-coo-commercial-e-on-se","status":"publish","type":"page","link":"https:\/\/www.energiecrossmedial.de\/index.php\/interview-mit-dr-karsten-wildberger-coo-commercial-e-on-se\/","title":{"rendered":"Interview mit Dr. Karsten Wildberger (COO Commercial, E.ON SE)"},"content":{"rendered":"<div id=\"page_caption\" class=\"\">\n<div class=\"page_title_wrapper\">\n<div class=\"standard_wrapper\">\n<div class=\"page_title_inner\">\n<div class=\"page_title_content\">\n<h1>  <\/h1>\n<\/p><\/div>\n<\/p><\/div>\n<\/p><\/div>\n<\/p><\/div>\n<\/div>\n<p><!-- Begin content --><\/p>\n<div id=\"page_content_wrapper\" class=\"\">\n<div class=\"inner\">\n    \t<!-- Begin main content --><\/p>\n<div class=\"inner_wrapper\">\n<div class=\"sidebar_content\">\n<!-- Begin each blog post --><\/p>\n<div id=\"post-3642\" class=\"post-3642 post type-post status-publish format-standard has-post-thumbnail hentry category-allgemein category-interviews-2021\">\n<div class=\"post_wrapper\">\n<div class=\"post_content_wrapper\">\n<h1>Interview mit Dr. Karsten Wildberger (COO Commercial, E.ON SE)<\/h1>\n<div class=\"post_detail single_post\">\n\t\t\t\t<span class=\"post_info_date\"><br \/>\n\t\t\t\t\t14. Januar 2021\t\t\t\t<\/span><br \/>\n\t\t\t\t<span class=\"post_info_comment\"><br \/>\n\t\t\t\t\t\u2022<br \/>\n\t\t\t\t\t0&nbsp;Kommentar\t\t\t\t<\/span>\n\t\t\t<\/div>\n<div class=\"pf-content\">\n<p class=\"fqk44srj04fgyxc3g\"><strong>Dr. Annette Nietfeld:<\/strong> Mit dem innogy Deal hat E.ON seine Erneuerbaren Sparte abgegeben. Gleichzeitig sieht E.ON sich mehr denn ja als Treiber der Energiewende. Passt das zusammen?<\/p>\n<p class=\"fqk44srj04fgyxc3g\"><strong>Dr. Karsten Wildberger: <\/strong>Eindeutig, denn wir haben im Gegenzug unser Netz- und Endkundengesch\u00e4ft deutlich ausgebaut und gest\u00e4rkt. Und genau dort sehen wir als Energieunternehmen die Innovationspotenziale, Marktchancen und technologischen Herausforderungen der Energiewende. Die Netze sind die Grundlage f\u00fcr das Energiesystem. Und wir wollen die wachsende Menge an Gr\u00fcnstrom effizient verteilen, speichern und nutzbar machen. Wir wollen die Basis f\u00fcr eine gr\u00fcne Elektrifizierung aller Lebensbereiche schaffen \u2013 vom Verkehr \u00fcbers Heizen bis hin zu einer klimafreundlichen Industrie. Es gibt ja auch einen klaren Auftrag der Europ\u00e4ischen Union.&nbsp;<\/p>\n<p class=\"has-black-color has-text-color\"><a><strong>Dr. Annette Nietfeld:<\/strong><\/a> Sie spielen damit auf den Europ\u00e4ischen Green Deal an\u2026!<\/p>\n<p class=\"fqk44srj04fgyxc3g\"><strong>Dr. Karsten Wildberger:<\/strong>\u2026der Co2-Neutralit\u00e4t bis 2050 vorsieht, ganz genau. Wir sind auf dem Weg in die Null-Emissionen-Gesellschaft und haben bei der Umsetzung keine Zeit zu verlieren. Die Agora Energiewende rechnet bis 2030 allein f\u00fcr Deutschland mit 14 Millionen Elektrofahrzeugen und 6 Millionen W\u00e4rmepumpen, die ans Netz angeschlossen werden m\u00fcssten, um die Klimaziele zu erreichen. Das setzt eine Modernisierung unserer bestehenden Energieinfrastruktur voraus. Gleichzeitig erleben wir vom Privathaushalt bis zur Industrie eine steigende Nachfrage nach nachhaltigen, dezentralen Kundenl\u00f6sungen. \u00a0<\/p>\n<p class=\"fqk44srj04fgyxc3g\"><strong>Dr. Annette Nietfeld:<\/strong> Bietet das auch neue Diversifizierungschancen im kompetitiven Retail Gesch\u00e4ft?<\/p>\n<p class=\"fqk44srj04fgyxc3g\"><strong>Dr. Karsten Wildberger: <\/strong>In der Tat. In unserer Branche hie\u00df es lange: Strom- und Gasvertr\u00e4ge verkaufen, kann eigentlich jeder. Aber inzwischen h\u00e4ngen daran ganz viele andere Fragen. Dabei geht es um Nachhaltigkeit in der Wertsch\u00f6pfungskette von der Beschaffung bis zum Endprodukt. Und mehr noch: Viele Kunden wollen inzwischen das ganze Paket einer klimavertr\u00e4glichen Energieversorgung. Wir setzen daher immer st\u00e4rker auf ma\u00dfgeschneiderte Komplettpakete, die entsprechend des jeweiligen Kundenbedarfs auch Future Energy Home L\u00f6sungen beinhalten.<\/p>\n<p class=\"has-black-color has-text-color\"><a><strong>Dr. Annette Nietfeld: <\/strong><\/a>Ma\u00dfgeschneidert klingt nach Werbesprech?<strong>&nbsp;<\/strong><\/p>\n<p class=\"fqk44srj04fgyxc3g\"><strong>Dr. Karsten Wildberger: <\/strong>Als es noch kaum Diversifizierungsm\u00f6glichkeiten gab, w\u00e4re das in der Tat Werbesprech gewesen. Und in etwa so glaubw\u00fcrdig, wie zu behaupten, dass E.ON Strom leistungsst\u00e4rker sei als Strom der Konkurrenz. Heute aber reicht die Versorgung mit Strom und Gas sehr viel weiter. Sie umfasst auch Solarstrom, Energiespeicher, Ladel\u00f6sungen oder Energieeffizienzma\u00dfnahmen. Der vielzitierte Prosumer ist schlie\u00dflich kein Hirngespinst. Viele Menschen vergleichen das Angebot ihrer potenziellen Energieversorger sehr genau, und sie wollen zumindest einen Teil ihres Stroms selbst erzeugen und speichern k\u00f6nnen. Sie wollen damit vielleicht auch ihr neues Elektroauto aufladen. Und ihnen geht es mehr denn je um Kostenkontrolle, etwa in Form der Verbrauchsdaten ihrer digitale Haushaltsger\u00e4te auf dem Smartphone. Mit anderen Worten: Der \u00f6kologische Fu\u00dfabdruck, die Energiekosten und das technologische Niveau des Wohnumfelds wird f\u00fcr viele Menschen immer zentraler. Und f\u00fcr gewerbliche Kunden, vor allem f\u00fcr gro\u00dfe Industrien, gilt das erst Recht.<\/p>\n<p class=\"has-black-color has-text-color\"><a><strong>Dr. Annette Nietfeld: <\/strong><\/a>Die Wirtschaft steht, wie auch die Kommunen, vor dem Hintergrund immer ambitionierterer Klimaziele und entsprechender Vorgaben vor gro\u00dfen Herausforderungen\u2026<strong>&nbsp;<\/strong><\/p>\n<p class=\"fqk44srj04fgyxc3g\"><strong>Dr. Karsten Wildberger: <\/strong>Ja, mit dem Ziel der Klimaneutralit\u00e4t bis 2050 ist ein klarer und ambitionierter Transformationspfad vorgegeben. Vollends sichtbar wird das Ergebnis heutiger Investitionst\u00e4tigkeit erst in 15 bis 20 Jahren. Aber f\u00fcr Industrieunternehmen und auch kleinere Betriebe sind nachhaltige Energiekonzepte l\u00e4ngst integrale Bestandteile des Gesch\u00e4ftsmodells. Dabei geht es nicht nur um das Erf\u00fcllen von Vorgaben und um Kostenersparnisse, es geht auch um die Re-Finanzierung. Es ist bezeichnend, wie schnell und konsequent der Kapitalmarkt den Faktor Nachhaltigkeit inzwischen eingepreist hat. Es gibt also viele gute Gr\u00fcnde, sich auf dem Weg zu einem nachhaltigen Gesch\u00e4ftsmodell beraten und betreuen zu lassen. Dieses Angebot machen wir unseren Kunden. Als \u201eEnabler\u201c der Energiewende und Partner f\u00fcr klimafreundliche Technologien bef\u00e4higen wir die Wirtschaft und genauso die Kommunen und einzelne Haushalte zur gr\u00fcnen Transformation. <strong>&nbsp;<\/strong><\/p>\n<p class=\"fqk44srj04fgyxc3g\"><strong>Dr. Annette Nietfeld: <\/strong>Geben Sie uns Beispiele?<strong>&nbsp;<\/strong><\/p>\n<p class=\"fqk44srj04fgyxc3g\"><strong>Dr. Karsten Wildberger:<\/strong> Ein aktuelles Beispiel ist das Audi-Werk im ungarischen Gy\u00f6r. Dort hat unsere ungarische Konzerntochter Anfang 2020 Europas gr\u00f6\u00dfte Aufdach-PV-Anlage in Betrieb genommen.\u00a0 Stromerzeugung so lokal und nachhaltig wie eben m\u00f6glich \u2013 genau darauf kommt es jetzt an. Idealerweise sind solche L\u00f6sungen eingebunden in einen Kreislauf der Nachhaltigkeit, so wie im schwedischen H\u00f6gbytorp. Dort haben wir eine thermische Recyclinganlage errichtet. Aus etwas das niemand will \u2013 n\u00e4mlich M\u00fcll \u2013 wird dort etwas, das jeder will: Gr\u00fcne Energie. Solche nachhaltigen Stromerzeugungsl\u00f6sungen f\u00fcr unsere Auftraggeber sind mittlerweile ein wichtiger Bestandteil unseres Endkundengesch\u00e4fts.<\/p>\n<p class=\"fqk44srj04fgyxc3g\"><strong>Dr. Annette Nietfeld:<\/strong> Sie stellen Ihr Kundenbusiness also auf neue Beine?<\/p>\n<p class=\"fqk44srj04fgyxc3g\"><strong>Dr. Karsten Wildberger:<\/strong> Ja. Wir erweitern unser Vertriebsgesch\u00e4ft und werden verst\u00e4rkt zum Anbieter kundennaher Energieinfrastruktur. Mit solchen L\u00f6sungen helfen wir gerade industriellen Kunden, ihre Klimaziele zu erreichen. Und zugleich bauen wir an einem nachhaltigen Lebensumfeld. Etwa 80 Prozent der CO2-Emissionen entstehen in den gro\u00dfen urbanen Ballungsgebieten, wo die Mehrheit der Menschen lebt und arbeitet. Unser Gesch\u00e4ftsbereich City Energy Solutions setzt genau dort an \u2013 mit nachhaltigen Energiekonzepten f\u00fcr neue oder bestehende Quartiere, mit L\u00f6sungen zur besseren Nutzung von Abw\u00e4rme aus U-Bahn-Sch\u00e4chten oder eben mit Konzepten zur sauberen Energiegewinnung aus recyceltem M\u00fcll. Unser Endkundengesch\u00e4ft geht also weit \u00fcber Commodity-Leistungen hinaus. Wie weit das Angebot reicht, entscheiden am Ende die Kunden und ihre Erwartungen.<\/p>\n<p class=\"fqk44srj04fgyxc3g\"><strong>Dr. Annette Nietfeld:<\/strong> Und bei europaweit \u00fcber 50 Millionen Kunden l\u00e4sst sich an diesen Erwartungen sicherlich auch ein allgemeiner Trend ablesen\u2026<\/p>\n<p class=\"fqk44srj04fgyxc3g\"><strong>Dr. Karsten Wildberger: <\/strong>Ja, ein Trend in Richtung Nachhaltigkeit. In Deutschland verschiebt sich unser Vertriebsportfolio quasi parallel zum steigenden Anteil der Erneuerbaren an der Stromerzeugung in Richtung Gr\u00fcnstrom. In UK haben wir schon vollst\u00e4ndig auf Gr\u00fcnstrom umgestellt und in den Niederlanden den \u00d6kostromanbieter Vandebron \u00fcbernommen. Unser Vertrieb wird also immer nachhaltiger. Zugleich werden wir digitaler und migrieren immer mehr Kundenvertr\u00e4ge auf digitale Plattformen. Dabei geht es l\u00e4ngst nicht nur um operative Exzellenz und Kostenf\u00fchrerschaft. Es geht auch hier um eine bessere Einbindung des Kunden in eine zunehmend nachhaltige und digitale Energiewelt. Der Kunde steht im Fokus. Bei all den Ver\u00e4nderungen auf dem Weg in eine nachhaltige Zukunft \u2013 das ist unsere Konstante!<\/p>\n<\/div>\n<p><br class=\"clear\"\/>\n\t    <\/div>\n<\/p><\/div>\n<\/div>\n<p><!-- End each blog post -->\n    \t<\/div>\n<div class=\"sidebar_wrapper\">\n<div class=\"sidebar_top\"><\/div>\n<div class=\"sidebar\">\n<div class=\"content\">\n    \t\t\t\t<\/div>\n<\/p><\/div>\n<p>    \t\t\t<br class=\"clear\"\/><\/p>\n<div class=\"sidebar_bottom\"><\/div>\n<\/p><\/div>\n<\/p><\/div>\n<p>    <!-- End main content -->\n<\/div>\n<p><br class=\"clear\"\/><br class=\"fqk44srj04fgyxc3g\"\/>\n<\/div>\n","protected":false},"excerpt":{"rendered":"<p>Interview mit Dr. Karsten Wildberger (COO Commercial, E.ON SE) 14. Januar 2021 \u2022 0&nbsp;Kommentar Dr. Annette Nietfeld: Mit dem innogy Deal hat E.ON seine Erneuerbaren Sparte abgegeben. Gleichzeitig sieht E.ON sich mehr denn ja als Treiber der Energiewende. Passt das [&hellip;]<\/p>\n","protected":false},"author":1,"featured_media":0,"parent":0,"menu_order":64,"comment_status":"closed","ping_status":"closed","template":"template_3.php","meta":{"_acf_changed":false,"footnotes":""},"class_list":["post-53","page","type-page","status-publish","hentry"],"acf":[],"yoast_head":"<!-- This site is optimized with the Yoast SEO plugin v24.0 - https:\/\/yoast.com\/wordpress\/plugins\/seo\/ -->\n<title>Interview mit Dr. Karsten Wildberger (COO Commercial, E.ON SE) - ENERGIE.CROSS.MEDIAL<\/title>\n<meta name=\"robots\" content=\"index, follow, max-snippet:-1, max-image-preview:large, max-video-preview:-1\" \/>\n<link rel=\"canonical\" href=\"https:\/\/www.energiecrossmedial.de\/index.php\/interview-mit-dr-karsten-wildberger-coo-commercial-e-on-se\/\" \/>\n<meta property=\"og:locale\" content=\"de_DE\" \/>\n<meta property=\"og:type\" content=\"article\" \/>\n<meta property=\"og:title\" content=\"Interview mit Dr. Karsten Wildberger (COO Commercial, E.ON SE) - ENERGIE.CROSS.MEDIAL\" \/>\n<meta property=\"og:description\" content=\"Interview mit Dr. Karsten Wildberger (COO Commercial, E.ON SE) 14. Januar 2021 \u2022 0&nbsp;Kommentar Dr. Annette Nietfeld: Mit dem innogy Deal hat E.ON seine Erneuerbaren Sparte abgegeben. Gleichzeitig sieht E.ON sich mehr denn ja als Treiber der Energiewende. Passt das [&hellip;]\" \/>\n<meta property=\"og:url\" content=\"https:\/\/www.energiecrossmedial.de\/index.php\/interview-mit-dr-karsten-wildberger-coo-commercial-e-on-se\/\" \/>\n<meta property=\"og:site_name\" content=\"ENERGIE.CROSS.MEDIAL\" \/>\n<meta name=\"twitter:card\" content=\"summary_large_image\" \/>\n<meta name=\"twitter:site\" content=\"@EnergieXMedial\" \/>\n<meta name=\"twitter:label1\" content=\"Gesch\u00e4tzte Lesezeit\" \/>\n\t<meta name=\"twitter:data1\" content=\"5\u00a0Minuten\" \/>\n<script type=\"application\/ld+json\" class=\"yoast-schema-graph\">{\"@context\":\"https:\/\/schema.org\",\"@graph\":[{\"@type\":\"WebPage\",\"@id\":\"https:\/\/www.energiecrossmedial.de\/index.php\/interview-mit-dr-karsten-wildberger-coo-commercial-e-on-se\/\",\"url\":\"https:\/\/www.energiecrossmedial.de\/index.php\/interview-mit-dr-karsten-wildberger-coo-commercial-e-on-se\/\",\"name\":\"Interview mit Dr. Karsten Wildberger (COO Commercial, E.ON SE) - ENERGIE.CROSS.MEDIAL\",\"isPartOf\":{\"@id\":\"https:\/\/www.energiecrossmedial.de\/#website\"},\"datePublished\":\"2021-09-20T12:20:10+00:00\",\"dateModified\":\"2021-09-20T12:20:10+00:00\",\"breadcrumb\":{\"@id\":\"https:\/\/www.energiecrossmedial.de\/index.php\/interview-mit-dr-karsten-wildberger-coo-commercial-e-on-se\/#breadcrumb\"},\"inLanguage\":\"de\",\"potentialAction\":[{\"@type\":\"ReadAction\",\"target\":[\"https:\/\/www.energiecrossmedial.de\/index.php\/interview-mit-dr-karsten-wildberger-coo-commercial-e-on-se\/\"]}]},{\"@type\":\"BreadcrumbList\",\"@id\":\"https:\/\/www.energiecrossmedial.de\/index.php\/interview-mit-dr-karsten-wildberger-coo-commercial-e-on-se\/#breadcrumb\",\"itemListElement\":[{\"@type\":\"ListItem\",\"position\":1,\"name\":\"Startseite\",\"item\":\"https:\/\/www.energiecrossmedial.de\/\"},{\"@type\":\"ListItem\",\"position\":2,\"name\":\"Interview mit Dr. Karsten Wildberger (COO Commercial, E.ON SE)\"}]},{\"@type\":\"WebSite\",\"@id\":\"https:\/\/www.energiecrossmedial.de\/#website\",\"url\":\"https:\/\/www.energiecrossmedial.de\/\",\"name\":\"ENERGIE.CROSS.MEDIAL - das forum der energiewende\",\"description\":\"das forum der energiewende\",\"publisher\":{\"@id\":\"https:\/\/www.energiecrossmedial.de\/#organization\"},\"potentialAction\":[{\"@type\":\"SearchAction\",\"target\":{\"@type\":\"EntryPoint\",\"urlTemplate\":\"https:\/\/www.energiecrossmedial.de\/?s={search_term_string}\"},\"query-input\":{\"@type\":\"PropertyValueSpecification\",\"valueRequired\":true,\"valueName\":\"search_term_string\"}}],\"inLanguage\":\"de\"},{\"@type\":\"Organization\",\"@id\":\"https:\/\/www.energiecrossmedial.de\/#organization\",\"name\":\"ENERGIE.CROSS.MEDIAL - das forum der energiewende\",\"url\":\"https:\/\/www.energiecrossmedial.de\/\",\"logo\":{\"@type\":\"ImageObject\",\"inLanguage\":\"de\",\"@id\":\"https:\/\/www.energiecrossmedial.de\/#\/schema\/logo\/image\/\",\"url\":\"https:\/\/www.energiecrossmedial.de\/wp-content\/uploads\/2023\/09\/cropped-Website_Icon.png\",\"contentUrl\":\"https:\/\/www.energiecrossmedial.de\/wp-content\/uploads\/2023\/09\/cropped-Website_Icon.png\",\"width\":512,\"height\":512,\"caption\":\"ENERGIE.CROSS.MEDIAL - das forum der energiewende\"},\"image\":{\"@id\":\"https:\/\/www.energiecrossmedial.de\/#\/schema\/logo\/image\/\"},\"sameAs\":[\"https:\/\/x.com\/EnergieXMedial\",\"https:\/\/www.linkedin.com\/company\/zukunftsenergien\/\"]}]}<\/script>\n<!-- \/ Yoast SEO plugin. -->","yoast_head_json":{"title":"Interview mit Dr. Karsten Wildberger (COO Commercial, E.ON SE) - ENERGIE.CROSS.MEDIAL","robots":{"index":"index","follow":"follow","max-snippet":"max-snippet:-1","max-image-preview":"max-image-preview:large","max-video-preview":"max-video-preview:-1"},"canonical":"https:\/\/www.energiecrossmedial.de\/index.php\/interview-mit-dr-karsten-wildberger-coo-commercial-e-on-se\/","og_locale":"de_DE","og_type":"article","og_title":"Interview mit Dr. Karsten Wildberger (COO Commercial, E.ON SE) - ENERGIE.CROSS.MEDIAL","og_description":"Interview mit Dr. Karsten Wildberger (COO Commercial, E.ON SE) 14. Januar 2021 \u2022 0&nbsp;Kommentar Dr. Annette Nietfeld: Mit dem innogy Deal hat E.ON seine Erneuerbaren Sparte abgegeben. Gleichzeitig sieht E.ON sich mehr denn ja als Treiber der Energiewende. Passt das [&hellip;]","og_url":"https:\/\/www.energiecrossmedial.de\/index.php\/interview-mit-dr-karsten-wildberger-coo-commercial-e-on-se\/","og_site_name":"ENERGIE.CROSS.MEDIAL","twitter_card":"summary_large_image","twitter_site":"@EnergieXMedial","twitter_misc":{"Gesch\u00e4tzte Lesezeit":"5\u00a0Minuten"},"schema":{"@context":"https:\/\/schema.org","@graph":[{"@type":"WebPage","@id":"https:\/\/www.energiecrossmedial.de\/index.php\/interview-mit-dr-karsten-wildberger-coo-commercial-e-on-se\/","url":"https:\/\/www.energiecrossmedial.de\/index.php\/interview-mit-dr-karsten-wildberger-coo-commercial-e-on-se\/","name":"Interview mit Dr. Karsten Wildberger (COO Commercial, E.ON SE) - ENERGIE.CROSS.MEDIAL","isPartOf":{"@id":"https:\/\/www.energiecrossmedial.de\/#website"},"datePublished":"2021-09-20T12:20:10+00:00","dateModified":"2021-09-20T12:20:10+00:00","breadcrumb":{"@id":"https:\/\/www.energiecrossmedial.de\/index.php\/interview-mit-dr-karsten-wildberger-coo-commercial-e-on-se\/#breadcrumb"},"inLanguage":"de","potentialAction":[{"@type":"ReadAction","target":["https:\/\/www.energiecrossmedial.de\/index.php\/interview-mit-dr-karsten-wildberger-coo-commercial-e-on-se\/"]}]},{"@type":"BreadcrumbList","@id":"https:\/\/www.energiecrossmedial.de\/index.php\/interview-mit-dr-karsten-wildberger-coo-commercial-e-on-se\/#breadcrumb","itemListElement":[{"@type":"ListItem","position":1,"name":"Startseite","item":"https:\/\/www.energiecrossmedial.de\/"},{"@type":"ListItem","position":2,"name":"Interview mit Dr. Karsten Wildberger (COO Commercial, E.ON SE)"}]},{"@type":"WebSite","@id":"https:\/\/www.energiecrossmedial.de\/#website","url":"https:\/\/www.energiecrossmedial.de\/","name":"ENERGIE.CROSS.MEDIAL - das forum der energiewende","description":"das forum der energiewende","publisher":{"@id":"https:\/\/www.energiecrossmedial.de\/#organization"},"potentialAction":[{"@type":"SearchAction","target":{"@type":"EntryPoint","urlTemplate":"https:\/\/www.energiecrossmedial.de\/?s={search_term_string}"},"query-input":{"@type":"PropertyValueSpecification","valueRequired":true,"valueName":"search_term_string"}}],"inLanguage":"de"},{"@type":"Organization","@id":"https:\/\/www.energiecrossmedial.de\/#organization","name":"ENERGIE.CROSS.MEDIAL - das forum der energiewende","url":"https:\/\/www.energiecrossmedial.de\/","logo":{"@type":"ImageObject","inLanguage":"de","@id":"https:\/\/www.energiecrossmedial.de\/#\/schema\/logo\/image\/","url":"https:\/\/www.energiecrossmedial.de\/wp-content\/uploads\/2023\/09\/cropped-Website_Icon.png","contentUrl":"https:\/\/www.energiecrossmedial.de\/wp-content\/uploads\/2023\/09\/cropped-Website_Icon.png","width":512,"height":512,"caption":"ENERGIE.CROSS.MEDIAL - das forum der energiewende"},"image":{"@id":"https:\/\/www.energiecrossmedial.de\/#\/schema\/logo\/image\/"},"sameAs":["https:\/\/x.com\/EnergieXMedial","https:\/\/www.linkedin.com\/company\/zukunftsenergien\/"]}]}},"jetpack_sharing_enabled":true,"_links":{"self":[{"href":"https:\/\/www.energiecrossmedial.de\/index.php\/wp-json\/wp\/v2\/pages\/53","targetHints":{"allow":["GET"]}}],"collection":[{"href":"https:\/\/www.energiecrossmedial.de\/index.php\/wp-json\/wp\/v2\/pages"}],"about":[{"href":"https:\/\/www.energiecrossmedial.de\/index.php\/wp-json\/wp\/v2\/types\/page"}],"author":[{"embeddable":true,"href":"https:\/\/www.energiecrossmedial.de\/index.php\/wp-json\/wp\/v2\/users\/1"}],"replies":[{"embeddable":true,"href":"https:\/\/www.energiecrossmedial.de\/index.php\/wp-json\/wp\/v2\/comments?post=53"}],"version-history":[{"count":0,"href":"https:\/\/www.energiecrossmedial.de\/index.php\/wp-json\/wp\/v2\/pages\/53\/revisions"}],"wp:attachment":[{"href":"https:\/\/www.energiecrossmedial.de\/index.php\/wp-json\/wp\/v2\/media?parent=53"}],"curies":[{"name":"wp","href":"https:\/\/api.w.org\/{rel}","templated":true}]}}